{"id":81236,"date":"2024-02-23T12:39:38","date_gmt":"2024-02-23T11:39:38","guid":{"rendered":"https:\/\/www.inmsol.com\/?page_id=81236"},"modified":"2025-08-07T17:45:08","modified_gmt":"2025-08-07T15:45:08","slug":"visados","status":"publish","type":"page","link":"https:\/\/www.inmsol.com\/es\/visados\/","title":{"rendered":"VISADOS"},"content":{"rendered":"\t\t<div data-elementor-type=\"wp-page\" data-elementor-id=\"81236\" class=\"elementor elementor-81236 elementor-81210\" data-elementor-post-type=\"page\">\n\t\t\t\t\t\t<section class=\"elementor-section elementor-top-section elementor-element elementor-element-8a8c173 elementor-section-full_width elementor-section-height-min-height elementor-section-stretched elementor-section-height-default elementor-section-items-middle parallax_section_no qode_elementor_container_no\" data-id=\"8a8c173\" data-element_type=\"section\" data-settings=\"{&quot;stretch_section&quot;:&quot;section-stretched&quot;,&quot;background_background&quot;:&quot;classic&quot;}\">\n\t\t\t\t\t\t\t<div class=\"elementor-background-overlay\"><\/div>\n\t\t\t\t\t\t\t<div class=\"elementor-container elementor-column-gap-no\">\n\t\t\t\t\t<div class=\"elementor-column elementor-col-100 elementor-top-column elementor-element elementor-element-2b6d804\" data-id=\"2b6d804\" data-element_type=\"column\">\n\t\t\t<div class=\"elementor-widget-wrap elementor-element-populated\">\n\t\t\t\t\t\t<section class=\"elementor-section elementor-inner-section elementor-element elementor-element-45e42fc elementor-section-boxed elementor-section-height-default elementor-section-height-default parallax_section_no qode_elementor_container_no\" data-id=\"45e42fc\" data-element_type=\"section\">\n\t\t\t\t\t\t<div class=\"elementor-container elementor-column-gap-default\">\n\t\t\t\t\t<div class=\"elementor-column elementor-col-100 elementor-inner-column elementor-element elementor-element-7468f23\" data-id=\"7468f23\" data-element_type=\"column\">\n\t\t\t<div class=\"elementor-widget-wrap elementor-element-populated\">\n\t\t\t\t\t\t\t<\/div>\n\t\t<\/div>\n\t\t\t\t\t<\/div>\n\t\t<\/section>\n\t\t\t\t\t<\/div>\n\t\t<\/div>\n\t\t\t\t\t<\/div>\n\t\t<\/section>\n\t\t\t\t<section class=\"elementor-section elementor-top-section elementor-element elementor-element-81ec880 elementor-section-full_width elementor-section-stretched elementor-section-height-default elementor-section-height-default parallax_section_no qode_elementor_container_no\" data-id=\"81ec880\" data-element_type=\"section\" data-settings=\"{&quot;stretch_section&quot;:&quot;section-stretched&quot;,&quot;background_background&quot;:&quot;classic&quot;}\">\n\t\t\t\t\t\t<div class=\"elementor-container elementor-column-gap-default\">\n\t\t\t\t\t<div class=\"elementor-column elementor-col-100 elementor-top-column elementor-element elementor-element-a574f14\" data-id=\"a574f14\" data-element_type=\"column\">\n\t\t\t<div class=\"elementor-widget-wrap elementor-element-populated\">\n\t\t\t\t\t\t<div class=\"elementor-element elementor-element-b9991f3 elementor-icon-list--layout-inline elementor-align-center elementor-hidden-mobile elementor-list-item-link-full_width elementor-widget elementor-widget-icon-list\" data-id=\"b9991f3\" data-element_type=\"widget\" data-widget_type=\"icon-list.default\">\n\t\t\t\t<div class=\"elementor-widget-container\">\n\t\t\t\t\t\t\t<ul class=\"elementor-icon-list-items elementor-inline-items\">\n\t\t\t\t\t\t\t<li class=\"elementor-icon-list-item elementor-inline-item\">\n\t\t\t\t\t\t\t\t\t\t\t<a href=\"#NEED-A-VISA\">\n\n\t\t\t\t\t\t\t\t\t\t\t<span class=\"elementor-icon-list-text\">\u00bfNECESITO SOLICITAR VISADO?<\/span>\n\t\t\t\t\t\t\t\t\t\t\t<\/a>\n\t\t\t\t\t\t\t\t\t<\/li>\n\t\t\t\t\t\t\t\t<li class=\"elementor-icon-list-item elementor-inline-item\">\n\t\t\t\t\t\t\t\t\t\t\t<a href=\"#NEED-A-VISA\">\n\n\t\t\t\t\t\t\t\t\t\t\t<span class=\"elementor-icon-list-text\">TIPOS<\/span>\n\t\t\t\t\t\t\t\t\t\t\t<\/a>\n\t\t\t\t\t\t\t\t\t<\/li>\n\t\t\t\t\t\t\t\t<li class=\"elementor-icon-list-item elementor-inline-item\">\n\t\t\t\t\t\t\t\t\t\t\t<a href=\"#REQUEST-A-VISA\">\n\n\t\t\t\t\t\t\t\t\t\t\t<span class=\"elementor-icon-list-text\">PASOS A SEGUIR<\/span>\n\t\t\t\t\t\t\t\t\t\t\t<\/a>\n\t\t\t\t\t\t\t\t\t<\/li>\n\t\t\t\t\t\t\t\t<li class=\"elementor-icon-list-item elementor-inline-item\">\n\t\t\t\t\t\t\t\t\t\t\t<a href=\"#DOCUMENTS\">\n\n\t\t\t\t\t\t\t\t\t\t\t<span class=\"elementor-icon-list-text\">DOCUMENTOS<\/span>\n\t\t\t\t\t\t\t\t\t\t\t<\/a>\n\t\t\t\t\t\t\t\t\t<\/li>\n\t\t\t\t\t\t\t\t<li class=\"elementor-icon-list-item elementor-inline-item\">\n\t\t\t\t\t\t\t\t\t\t\t<a href=\"#RESOLUTION\">\n\n\t\t\t\t\t\t\t\t\t\t\t<span class=\"elementor-icon-list-text\">RESOLUCI\u00d3N<\/span>\n\t\t\t\t\t\t\t\t\t\t\t<\/a>\n\t\t\t\t\t\t\t\t\t<\/li>\n\t\t\t\t\t\t\t\t<li class=\"elementor-icon-list-item elementor-inline-item\">\n\t\t\t\t\t\t\t\t\t\t\t<a href=\"#OBLIGATIONS\">\n\n\t\t\t\t\t\t\t\t\t\t\t<span class=\"elementor-icon-list-text\">OBLIGACIONES<\/span>\n\t\t\t\t\t\t\t\t\t\t\t<\/a>\n\t\t\t\t\t\t\t\t\t<\/li>\n\t\t\t\t\t\t\t\t<li class=\"elementor-icon-list-item elementor-inline-item\">\n\t\t\t\t\t\t\t\t\t\t\t<a href=\"#CANCELLATION\">\n\n\t\t\t\t\t\t\t\t\t\t\t<span class=\"elementor-icon-list-text\">CONDICIONES DE CANCELACI\u00d3N O MODIFICACI\u00d3N<\/span>\n\t\t\t\t\t\t\t\t\t\t\t<\/a>\n\t\t\t\t\t\t\t\t\t<\/li>\n\t\t\t\t\t\t\t\t<li class=\"elementor-icon-list-item elementor-inline-item\">\n\t\t\t\t\t\t\t\t\t\t\t<a href=\"#CONTINUATION\">\n\n\t\t\t\t\t\t\t\t\t\t\t<span class=\"elementor-icon-list-text\">CONTINUACI\u00d3N DE ESTUDIOS<\/span>\n\t\t\t\t\t\t\t\t\t\t\t<\/a>\n\t\t\t\t\t\t\t\t\t<\/li>\n\t\t\t\t\t\t<\/ul>\n\t\t\t\t\t\t<\/div>\n\t\t\t\t<\/div>\n\t\t\t\t<div class=\"elementor-element elementor-element-090f858 elementor-align-center elementor-hidden-desktop elementor-hidden-tablet elementor-icon-list--layout-traditional elementor-list-item-link-full_width elementor-widget elementor-widget-icon-list\" data-id=\"090f858\" data-element_type=\"widget\" data-widget_type=\"icon-list.default\">\n\t\t\t\t<div class=\"elementor-widget-container\">\n\t\t\t\t\t\t\t<ul class=\"elementor-icon-list-items\">\n\t\t\t\t\t\t\t<li class=\"elementor-icon-list-item\">\n\t\t\t\t\t\t\t\t\t\t\t<a href=\"#NEED-A-VISA\">\n\n\t\t\t\t\t\t\t\t\t\t\t<span class=\"elementor-icon-list-text\">\u00bfNECESITO SOLICITAR VISADO?<\/span>\n\t\t\t\t\t\t\t\t\t\t\t<\/a>\n\t\t\t\t\t\t\t\t\t<\/li>\n\t\t\t\t\t\t\t\t<li class=\"elementor-icon-list-item\">\n\t\t\t\t\t\t\t\t\t\t\t<a href=\"#NEED-A-VISA\">\n\n\t\t\t\t\t\t\t\t\t\t\t<span class=\"elementor-icon-list-text\">TIPOS<\/span>\n\t\t\t\t\t\t\t\t\t\t\t<\/a>\n\t\t\t\t\t\t\t\t\t<\/li>\n\t\t\t\t\t\t\t\t<li class=\"elementor-icon-list-item\">\n\t\t\t\t\t\t\t\t\t\t\t<a href=\"#REQUEST-A-VISA\">\n\n\t\t\t\t\t\t\t\t\t\t\t<span class=\"elementor-icon-list-text\">PASOS A SEGUIR<\/span>\n\t\t\t\t\t\t\t\t\t\t\t<\/a>\n\t\t\t\t\t\t\t\t\t<\/li>\n\t\t\t\t\t\t\t\t<li class=\"elementor-icon-list-item\">\n\t\t\t\t\t\t\t\t\t\t\t<a href=\"#DOCUMENTS\">\n\n\t\t\t\t\t\t\t\t\t\t\t<span class=\"elementor-icon-list-text\">DOCUMENTOS<\/span>\n\t\t\t\t\t\t\t\t\t\t\t<\/a>\n\t\t\t\t\t\t\t\t\t<\/li>\n\t\t\t\t\t\t\t\t<li class=\"elementor-icon-list-item\">\n\t\t\t\t\t\t\t\t\t\t\t<a href=\"#RESOLUTION\">\n\n\t\t\t\t\t\t\t\t\t\t\t<span class=\"elementor-icon-list-text\">RESOLUCI\u00d3N<\/span>\n\t\t\t\t\t\t\t\t\t\t\t<\/a>\n\t\t\t\t\t\t\t\t\t<\/li>\n\t\t\t\t\t\t\t\t<li class=\"elementor-icon-list-item\">\n\t\t\t\t\t\t\t\t\t\t\t<a href=\"#OBLIGATIONS\">\n\n\t\t\t\t\t\t\t\t\t\t\t<span class=\"elementor-icon-list-text\">OBLIGACIONES<\/span>\n\t\t\t\t\t\t\t\t\t\t\t<\/a>\n\t\t\t\t\t\t\t\t\t<\/li>\n\t\t\t\t\t\t\t\t<li class=\"elementor-icon-list-item\">\n\t\t\t\t\t\t\t\t\t\t\t<a href=\"#CANCELLATION\">\n\n\t\t\t\t\t\t\t\t\t\t\t<span class=\"elementor-icon-list-text\">CONDICIONES DE CANCELACI\u00d3N O MODIFICACI\u00d3N<\/span>\n\t\t\t\t\t\t\t\t\t\t\t<\/a>\n\t\t\t\t\t\t\t\t\t<\/li>\n\t\t\t\t\t\t\t\t<li class=\"elementor-icon-list-item\">\n\t\t\t\t\t\t\t\t\t\t\t<a href=\"#CONTINUATION\">\n\n\t\t\t\t\t\t\t\t\t\t\t<span class=\"elementor-icon-list-text\">CONTINUACI\u00d3N DE ESTUDIOS<\/span>\n\t\t\t\t\t\t\t\t\t\t\t<\/a>\n\t\t\t\t\t\t\t\t\t<\/li>\n\t\t\t\t\t\t<\/ul>\n\t\t\t\t\t\t<\/div>\n\t\t\t\t<\/div>\n\t\t\t\t\t<\/div>\n\t\t<\/div>\n\t\t\t\t\t<\/div>\n\t\t<\/section>\n\t\t\t\t<section class=\"elementor-section elementor-top-section elementor-element elementor-element-a247245 elementor-section-boxed elementor-section-height-default elementor-section-height-default parallax_section_no qode_elementor_container_no\" data-id=\"a247245\" data-element_type=\"section\" id=\"NEED-A-VISA\">\n\t\t\t\t\t\t<div class=\"elementor-container elementor-column-gap-wider\">\n\t\t\t\t\t<div class=\"elementor-column elementor-col-50 elementor-top-column elementor-element elementor-element-ecdc26f\" data-id=\"ecdc26f\" data-element_type=\"column\">\n\t\t\t<div class=\"elementor-widget-wrap elementor-element-populated\">\n\t\t\t\t\t\t<div class=\"elementor-element elementor-element-75db107 elementor-widget elementor-widget-heading\" data-id=\"75db107\" data-element_type=\"widget\" data-widget_type=\"heading.default\">\n\t\t\t\t<div class=\"elementor-widget-container\">\n\t\t\t\t\t<h3 class=\"elementor-heading-title elementor-size-default\">\u00bfNECESITO SOLICITAR VISADO?<\/h3>\t\t\t\t<\/div>\n\t\t\t\t<\/div>\n\t\t\t\t<div class=\"elementor-element elementor-element-0ade972 elementor-widget elementor-widget-text-editor\" data-id=\"0ade972\" data-element_type=\"widget\" data-widget_type=\"text-editor.default\">\n\t\t\t\t<div class=\"elementor-widget-container\">\n\t\t\t\t\t\t\t\t\t<p><em><strong>Para estancias de menos de 90 d\u00edas:<\/strong><\/em><\/p><p>Dependiendo de tu pa\u00eds de procedencia necesitar\u00e1s solicitar un visado o no.<\/p><p><a href=\"https:\/\/www.boe.es\/doue\/2018\/303\/L00039-00058.pdf\"><strong><u><b>LISTADO DE PA\u00cdSES QUE NO NECESITAN VISADO<\/b><\/u><\/strong><\/a><strong><b>\u00a0(para &lt;90 d\u00edas)<\/b><\/strong><\/p><p><a href=\"https:\/\/www.boe.es\/doue\/2018\/303\/L00039-00058.pdf\"><strong><u><b>LISTADO DE PA\u00cdSES QUE S\u00cd NECESITAN VISADO<\/b><\/u><\/strong><\/a><strong><b>\u00a0(para &lt;90 d\u00edas)<\/b><\/strong><\/p><p>\u00a0<\/p><p><em><strong>Para estancias de m\u00e1s de 90 d\u00edas:<\/strong><\/em><\/p><p>No necesitar\u00e1n visado los estudiantes de:<\/p><ul><li>La Uni\u00f3n Europea<\/li><li>Islandia<\/li><li>Liechtenstein<\/li><li>Noruega<\/li><li>Suiza<\/li><\/ul><p>Solamente deber\u00e1n inscribirse en el <strong>registro de ciudadano de la Uni\u00f3n Europea<\/strong>, desde el primer mes desde la llegada.<\/p><p>S\u00ed ser\u00e1 necesario solicitar un visado\u00a0para el resto de pa\u00edses, salvo las excepciones.<\/p><h4>Estancias de m\u00e1s de 180 d\u00edas (&gt;6 meses)<\/h4><p>Si la estancia es de m\u00e1s de 6 meses, adem\u00e1s los estudiantes est\u00e1n obligados a <strong><b>solicitar la TIE<\/b><\/strong>\u00a0(Tarjeta de Identidad de Extranjero) en el plazo de un mes desde la llegada.<\/p><p><a href=\"https:\/\/www.interior.gob.es\/opencms\/es\/servicios-al-ciudadano\/tramites-y-gestiones\/extranjeria\/regimen-general\/tarjeta-de-identidad-de-extranjero\/\"><u>INFORMACI\u00d3N PARA SOLICITAR LA TIE<\/u><\/a><\/p><p>\u00a0<\/p><p>Encontrar\u00e1s informaci\u00f3n general actualizada sobre los requisitos para vivir en Espa\u00f1a en la web del ministerio :<\/p><p><a href=\"https:\/\/www.inclusion.gob.es\/web\/migraciones\/informacion-util\"><u>https:\/\/www.inclusion.gob.es\/web\/migraciones\/informacion-util<\/u><\/a><\/p>\t\t\t\t\t\t\t\t<\/div>\n\t\t\t\t<\/div>\n\t\t\t\t\t<\/div>\n\t\t<\/div>\n\t\t\t\t<div class=\"elementor-column elementor-col-50 elementor-top-column elementor-element elementor-element-079ac6f\" data-id=\"079ac6f\" data-element_type=\"column\">\n\t\t\t<div class=\"elementor-widget-wrap elementor-element-populated\">\n\t\t\t\t\t\t<div class=\"elementor-element elementor-element-f8f901e elementor-widget elementor-widget-heading\" data-id=\"f8f901e\" data-element_type=\"widget\" data-widget_type=\"heading.default\">\n\t\t\t\t<div class=\"elementor-widget-container\">\n\t\t\t\t\t<h3 class=\"elementor-heading-title elementor-size-default\">TIPOS DE VISADOS<\/h3>\t\t\t\t<\/div>\n\t\t\t\t<\/div>\n\t\t\t\t<div class=\"elementor-element elementor-element-40e2557 elementor-widget elementor-widget-heading\" data-id=\"40e2557\" data-element_type=\"widget\" data-widget_type=\"heading.default\">\n\t\t\t\t<div class=\"elementor-widget-container\">\n\t\t\t\t\t<h4 class=\"elementor-heading-title elementor-size-default\">Corta duraci\u00f3n (menos de 90 d\u00edas)<\/h4>\t\t\t\t<\/div>\n\t\t\t\t<\/div>\n\t\t\t\t<div class=\"elementor-element elementor-element-29f29b2 elementor-widget elementor-widget-text-editor\" data-id=\"29f29b2\" data-element_type=\"widget\" data-widget_type=\"text-editor.default\">\n\t\t\t\t<div class=\"elementor-widget-container\">\n\t\t\t\t\t\t\t\t\t<p><strong>VISADO DE ESTANCIA (visado Schengen)<\/strong><\/p><p>Permite permanecer en Espa\u00f1a hasta 90 d\u00edas, que pueden ser seguidos o repartidos en per\u00edodos de 180 d\u00edas.<\/p><p>Este visado no tiene fines lucrativos, por lo que no habilita a trabajar. Permiten la libre circulaci\u00f3n por el espacio Schengen.<\/p>\t\t\t\t\t\t\t\t<\/div>\n\t\t\t\t<\/div>\n\t\t\t\t<div class=\"elementor-element elementor-element-4e3a604 elementor-widget elementor-widget-heading\" data-id=\"4e3a604\" data-element_type=\"widget\" data-widget_type=\"heading.default\">\n\t\t\t\t<div class=\"elementor-widget-container\">\n\t\t\t\t\t<h4 class=\"elementor-heading-title elementor-size-default\">Larga duraci\u00f3n (m\u00e1s de 90 d\u00edas)<\/h4>\t\t\t\t<\/div>\n\t\t\t\t<\/div>\n\t\t\t\t<div class=\"elementor-element elementor-element-feca6b3 elementor-widget elementor-widget-text-editor\" data-id=\"feca6b3\" data-element_type=\"widget\" data-widget_type=\"text-editor.default\">\n\t\t\t\t<div class=\"elementor-widget-container\">\n\t\t\t\t\t\t\t\t\t<p>Son visados nacionales para estancias superiores a 3 meses, que pueden ser reemplazados por un permiso de residencia (antes de que expire la validez del visado). Tambi\u00e9n permiten la libre circulaci\u00f3n por el espacio Schengen.<\/p>\t\t\t\t\t\t\t\t<\/div>\n\t\t\t\t<\/div>\n\t\t\t\t\t<\/div>\n\t\t<\/div>\n\t\t\t\t\t<\/div>\n\t\t<\/section>\n\t\t\t\t<section class=\"elementor-section elementor-top-section elementor-element elementor-element-a877b65 elementor-section-stretched elementor-section-boxed elementor-section-height-default elementor-section-height-default parallax_section_no qode_elementor_container_no\" data-id=\"a877b65\" data-element_type=\"section\" id=\"REQUEST-A-VISA\" data-settings=\"{&quot;stretch_section&quot;:&quot;section-stretched&quot;,&quot;background_background&quot;:&quot;classic&quot;}\">\n\t\t\t\t\t\t<div class=\"elementor-container elementor-column-gap-default\">\n\t\t\t\t\t<div class=\"elementor-column elementor-col-100 elementor-top-column elementor-element elementor-element-bf6e5ed\" data-id=\"bf6e5ed\" data-element_type=\"column\">\n\t\t\t<div class=\"elementor-widget-wrap elementor-element-populated\">\n\t\t\t\t\t\t<div class=\"elementor-element elementor-element-26c93e6 elementor-widget elementor-widget-heading\" data-id=\"26c93e6\" data-element_type=\"widget\" data-widget_type=\"heading.default\">\n\t\t\t\t<div class=\"elementor-widget-container\">\n\t\t\t\t\t<h3 class=\"elementor-heading-title elementor-size-default\">PASOS A SEGUIR PARA SOLICITAR UN VISADO<\/h3>\t\t\t\t<\/div>\n\t\t\t\t<\/div>\n\t\t\t\t<div class=\"elementor-element elementor-element-b1be127 elementor-widget elementor-widget-heading\" data-id=\"b1be127\" data-element_type=\"widget\" data-widget_type=\"heading.default\">\n\t\t\t\t<div class=\"elementor-widget-container\">\n\t\t\t\t\t<h4 class=\"elementor-heading-title elementor-size-default\">Requisitos que debe cumplir el estudiante<\/h4>\t\t\t\t<\/div>\n\t\t\t\t<\/div>\n\t\t\t\t<div class=\"elementor-element elementor-element-dcf1f85 elementor-widget elementor-widget-text-editor\" data-id=\"dcf1f85\" data-element_type=\"widget\" data-widget_type=\"text-editor.default\">\n\t\t\t\t<div class=\"elementor-widget-container\">\n\t\t\t\t\t\t\t\t\t<p><strong><em>IMPORTANTE: esta informaci\u00f3n es siempre orientativa. Cada estudiante debe solicitar los requisitos concretos a la oficina consular, ya que estos pueden variar de un pa\u00eds a otro, o pueden cambiar seg\u00fan la situaci\u00f3n sociopol\u00edtica del momento.<\/em><\/strong><\/p>\t\t\t\t\t\t\t\t<\/div>\n\t\t\t\t<\/div>\n\t\t\t\t<div class=\"elementor-element elementor-element-b67915b elementor-widget elementor-widget-text-editor\" data-id=\"b67915b\" data-element_type=\"widget\" data-widget_type=\"text-editor.default\">\n\t\t\t\t<div class=\"elementor-widget-container\">\n\t\t\t\t\t\t\t\t\t<p>Los estudiantes que quieran solicitar un visado deben cumplir los siguientes requisitos:<\/p>\t\t\t\t\t\t\t\t<\/div>\n\t\t\t\t<\/div>\n\t\t\t\t<div class=\"elementor-element elementor-element-94c10df elementor-align-left elementor-icon-list--layout-traditional elementor-list-item-link-full_width elementor-widget elementor-widget-icon-list\" data-id=\"94c10df\" data-element_type=\"widget\" data-widget_type=\"icon-list.default\">\n\t\t\t\t<div class=\"elementor-widget-container\">\n\t\t\t\t\t\t\t<ul class=\"elementor-icon-list-items\">\n\t\t\t\t\t\t\t<li class=\"elementor-icon-list-item\">\n\t\t\t\t\t\t\t\t\t\t\t<span class=\"elementor-icon-list-icon\">\n\t\t\t\t\t\t\t<i aria-hidden=\"true\" class=\"far fa-check-circle\"><\/i>\t\t\t\t\t\t<\/span>\n\t\t\t\t\t\t\t\t\t\t<span class=\"elementor-icon-list-text\">Tener garantizados medios econ\u00f3micos para toda la estancia (IPREM*).<\/span>\n\t\t\t\t\t\t\t\t\t<\/li>\n\t\t\t\t\t\t\t\t<li class=\"elementor-icon-list-item\">\n\t\t\t\t\t\t\t\t\t\t\t<span class=\"elementor-icon-list-icon\">\n\t\t\t\t\t\t\t<i aria-hidden=\"true\" class=\"far fa-check-circle\"><\/i>\t\t\t\t\t\t<\/span>\n\t\t\t\t\t\t\t\t\t\t<span class=\"elementor-icon-list-text\">Contar con la admisi\u00f3n en un centro de ense\u00f1anza autorizado para un programa a tiempo completo.<\/span>\n\t\t\t\t\t\t\t\t\t<\/li>\n\t\t\t\t\t\t<\/ul>\n\t\t\t\t\t\t<\/div>\n\t\t\t\t<\/div>\n\t\t\t\t<div class=\"elementor-element elementor-element-2244f80 elementor-widget elementor-widget-text-editor\" data-id=\"2244f80\" data-element_type=\"widget\" data-widget_type=\"text-editor.default\">\n\t\t\t\t<div class=\"elementor-widget-container\">\n\t\t\t\t\t\t\t\t\t<p>Este documento de admisi\u00f3n debe contener:<\/p>\t\t\t\t\t\t\t\t<\/div>\n\t\t\t\t<\/div>\n\t\t\t\t<section class=\"elementor-section elementor-inner-section elementor-element elementor-element-ab50b83 elementor-section-content-middle elementor-section-boxed elementor-section-height-default elementor-section-height-default parallax_section_no qode_elementor_container_no\" data-id=\"ab50b83\" data-element_type=\"section\">\n\t\t\t\t\t\t<div class=\"elementor-container elementor-column-gap-default\">\n\t\t\t\t\t<div class=\"elementor-column elementor-col-50 elementor-inner-column elementor-element elementor-element-c803528\" data-id=\"c803528\" data-element_type=\"column\">\n\t\t\t<div class=\"elementor-widget-wrap elementor-element-populated\">\n\t\t\t\t\t\t<div class=\"elementor-element elementor-element-dd6bf97 elementor-icon-list--layout-traditional elementor-list-item-link-full_width elementor-widget elementor-widget-icon-list\" data-id=\"dd6bf97\" data-element_type=\"widget\" data-widget_type=\"icon-list.default\">\n\t\t\t\t<div class=\"elementor-widget-container\">\n\t\t\t\t\t\t\t<ul class=\"elementor-icon-list-items\">\n\t\t\t\t\t\t\t<li class=\"elementor-icon-list-item\">\n\t\t\t\t\t\t\t\t\t\t\t<span class=\"elementor-icon-list-icon\">\n\t\t\t\t\t\t\t<i aria-hidden=\"true\" class=\"fas fa-check\"><\/i>\t\t\t\t\t\t<\/span>\n\t\t\t\t\t\t\t\t\t\t<span class=\"elementor-icon-list-text\">Informaci\u00f3n de la escuela.<\/span>\n\t\t\t\t\t\t\t\t\t<\/li>\n\t\t\t\t\t\t\t\t<li class=\"elementor-icon-list-item\">\n\t\t\t\t\t\t\t\t\t\t\t<span class=\"elementor-icon-list-icon\">\n\t\t\t\t\t\t\t<i aria-hidden=\"true\" class=\"fas fa-check\"><\/i>\t\t\t\t\t\t<\/span>\n\t\t\t\t\t\t\t\t\t\t<span class=\"elementor-icon-list-text\">Informaci\u00f3n del estudiante.<\/span>\n\t\t\t\t\t\t\t\t\t<\/li>\n\t\t\t\t\t\t\t\t<li class=\"elementor-icon-list-item\">\n\t\t\t\t\t\t\t\t\t\t\t<span class=\"elementor-icon-list-icon\">\n\t\t\t\t\t\t\t<i aria-hidden=\"true\" class=\"fas fa-check\"><\/i>\t\t\t\t\t\t<\/span>\n\t\t\t\t\t\t\t\t\t\t<span class=\"elementor-icon-list-text\">Tipo de curso.<\/span>\n\t\t\t\t\t\t\t\t\t<\/li>\n\t\t\t\t\t\t\t\t<li class=\"elementor-icon-list-item\">\n\t\t\t\t\t\t\t\t\t\t\t<span class=\"elementor-icon-list-icon\">\n\t\t\t\t\t\t\t<i aria-hidden=\"true\" class=\"fas fa-check\"><\/i>\t\t\t\t\t\t<\/span>\n\t\t\t\t\t\t\t\t\t\t<span class=\"elementor-icon-list-text\">Informaci\u00f3n adicional.<\/span>\n\t\t\t\t\t\t\t\t\t<\/li>\n\t\t\t\t\t\t\t\t<li class=\"elementor-icon-list-item\">\n\t\t\t\t\t\t\t\t\t\t\t<span class=\"elementor-icon-list-icon\">\n\t\t\t\t\t\t\t<i aria-hidden=\"true\" class=\"fas fa-check\"><\/i>\t\t\t\t\t\t<\/span>\n\t\t\t\t\t\t\t\t\t\t<span class=\"elementor-icon-list-text\">Informaci\u00f3n econ\u00f3mica<\/span>\n\t\t\t\t\t\t\t\t\t<\/li>\n\t\t\t\t\t\t\t\t<li class=\"elementor-icon-list-item\">\n\t\t\t\t\t\t\t\t\t\t\t<span class=\"elementor-icon-list-icon\">\n\t\t\t\t\t\t\t<i aria-hidden=\"true\" class=\"fas fa-check\"><\/i>\t\t\t\t\t\t<\/span>\n\t\t\t\t\t\t\t\t\t\t<span class=\"elementor-icon-list-text\">Reconocimientos<\/span>\n\t\t\t\t\t\t\t\t\t<\/li>\n\t\t\t\t\t\t\t\t<li class=\"elementor-icon-list-item\">\n\t\t\t\t\t\t\t\t\t\t\t<span class=\"elementor-icon-list-icon\">\n\t\t\t\t\t\t\t<i aria-hidden=\"true\" class=\"fas fa-check\"><\/i>\t\t\t\t\t\t<\/span>\n\t\t\t\t\t\t\t\t\t\t<span class=\"elementor-icon-list-text\">Anexos, como el programa formativo o el calendario (opcional)<\/span>\n\t\t\t\t\t\t\t\t\t<\/li>\n\t\t\t\t\t\t<\/ul>\n\t\t\t\t\t\t<\/div>\n\t\t\t\t<\/div>\n\t\t\t\t\t<\/div>\n\t\t<\/div>\n\t\t\t\t<div class=\"elementor-column elementor-col-50 elementor-inner-column elementor-element elementor-element-b5c9b54\" data-id=\"b5c9b54\" data-element_type=\"column\">\n\t\t\t<div class=\"elementor-widget-wrap elementor-element-populated\">\n\t\t\t\t\t\t<div class=\"elementor-element elementor-element-028be8d elementor-icon-list--layout-traditional elementor-list-item-link-full_width elementor-widget elementor-widget-icon-list\" data-id=\"028be8d\" data-element_type=\"widget\" data-widget_type=\"icon-list.default\">\n\t\t\t\t<div class=\"elementor-widget-container\">\n\t\t\t\t\t\t\t<ul class=\"elementor-icon-list-items\">\n\t\t\t\t\t\t\t<li class=\"elementor-icon-list-item\">\n\t\t\t\t\t\t\t\t\t\t\t<span class=\"elementor-icon-list-icon\">\n\t\t\t\t\t\t\t<i aria-hidden=\"true\" class=\"fas fa-check\"><\/i>\t\t\t\t\t\t<\/span>\n\t\t\t\t\t\t\t\t\t\t<span class=\"elementor-icon-list-text\">Informaci\u00f3n econ\u00f3mica.<\/span>\n\t\t\t\t\t\t\t\t\t<\/li>\n\t\t\t\t\t\t\t\t<li class=\"elementor-icon-list-item\">\n\t\t\t\t\t\t\t\t\t\t\t<span class=\"elementor-icon-list-icon\">\n\t\t\t\t\t\t\t<i aria-hidden=\"true\" class=\"fas fa-check\"><\/i>\t\t\t\t\t\t<\/span>\n\t\t\t\t\t\t\t\t\t\t<span class=\"elementor-icon-list-text\">Reconocimientos.<\/span>\n\t\t\t\t\t\t\t\t\t<\/li>\n\t\t\t\t\t\t\t\t<li class=\"elementor-icon-list-item\">\n\t\t\t\t\t\t\t\t\t\t\t<span class=\"elementor-icon-list-icon\">\n\t\t\t\t\t\t\t<i aria-hidden=\"true\" class=\"fas fa-check\"><\/i>\t\t\t\t\t\t<\/span>\n\t\t\t\t\t\t\t\t\t\t<span class=\"elementor-icon-list-text\">Anexos, como el programa formativo o el calendario (opcional).<\/span>\n\t\t\t\t\t\t\t\t\t<\/li>\n\t\t\t\t\t\t<\/ul>\n\t\t\t\t\t\t<\/div>\n\t\t\t\t<\/div>\n\t\t\t\t\t<\/div>\n\t\t<\/div>\n\t\t\t\t\t<\/div>\n\t\t<\/section>\n\t\t\t\t<div class=\"elementor-element elementor-element-e2deb2a elementor-widget elementor-widget-text-editor\" data-id=\"e2deb2a\" data-element_type=\"widget\" data-widget_type=\"text-editor.default\">\n\t\t\t\t<div class=\"elementor-widget-container\">\n\t\t\t\t\t\t\t\t\t<p>Haber contratado un seguro <a href=\"https:\/\/universitasmundi.com\/vendor\/inmsol\/\" target=\"_blank\" rel=\"noopener\">m\u00e9dico autorizado<\/a> (gastos de repatriaci\u00f3n, asistencia m\u00e9dica completa, urgencias y cobertura de 30.000\u20ac).<\/p>\t\t\t\t\t\t\t\t<\/div>\n\t\t\t\t<\/div>\n\t\t\t\t<div class=\"elementor-element elementor-element-500bc36 elementor-icon-list--layout-inline elementor-align-left elementor-list-item-link-full_width elementor-widget elementor-widget-icon-list\" data-id=\"500bc36\" data-element_type=\"widget\" data-widget_type=\"icon-list.default\">\n\t\t\t\t<div class=\"elementor-widget-container\">\n\t\t\t\t\t\t\t<ul class=\"elementor-icon-list-items elementor-inline-items\">\n\t\t\t\t\t\t\t<li class=\"elementor-icon-list-item elementor-inline-item\">\n\t\t\t\t\t\t\t\t\t\t\t<span class=\"elementor-icon-list-icon\">\n\t\t\t\t\t\t\t<i aria-hidden=\"true\" class=\"far fa-dot-circle\"><\/i>\t\t\t\t\t\t<\/span>\n\t\t\t\t\t\t\t\t\t\t<span class=\"elementor-icon-list-text\">Probar que se cuenta con un alojamiento para toda la estancia, o justificar debidamente si no se tiene.<\/span>\n\t\t\t\t\t\t\t\t\t<\/li>\n\t\t\t\t\t\t<\/ul>\n\t\t\t\t\t\t<\/div>\n\t\t\t\t<\/div>\n\t\t\t\t<div class=\"elementor-element elementor-element-b52ba00 elementor-widget elementor-widget-text-editor\" data-id=\"b52ba00\" data-element_type=\"widget\" data-widget_type=\"text-editor.default\">\n\t\t\t\t<div class=\"elementor-widget-container\">\n\t\t\t\t\t\t\t\t\t<p style=\"background: white;\"><i><span style=\"font-size: 8.0pt; font-family: 'Trebuchet MS',sans-serif;\">*IPREM: <\/span><\/i><i><span style=\"font-size: 8.0pt; font-family: 'Helvetica',sans-serif; color: #333333;\">El\u00a0Indicador P\u00fablico de Renta de Efectos M\u00faltiples\u00a0(IPREM) es un \u00edndice empleado en Espa\u00f1a como referencia para la concesi\u00f3n de ayudas, subvenciones o el subsidio de desempleo. Naci\u00f3 en 2004 para sustituir al Salario M\u00ednimo Interprofesional como referencia para estas ayudas.<\/span><\/i><\/p><p style=\"background: white;\"><i><span style=\"font-size: 8.0pt; font-family: 'Helvetica',sans-serif; color: #333333;\">De esta forma el IPREM fue creciendo a un ritmo menor que el SMI facilitando el\u00a0acceso a las ayudas\u00a0para las econom\u00edas familiares m\u00e1s desfavorecidas, mientras el SMI quedar\u00eda restringido a un \u00e1mbito laboral.<\/span><\/i><\/p>\t\t\t\t\t\t\t\t<\/div>\n\t\t\t\t<\/div>\n\t\t\t\t<div class=\"elementor-element elementor-element-970bf0e elementor-widget elementor-widget-text-editor\" data-id=\"970bf0e\" data-element_type=\"widget\" data-widget_type=\"text-editor.default\">\n\t\t\t\t<div class=\"elementor-widget-container\">\n\t\t\t\t\t\t\t\t\t<p>Este documento de admisi\u00f3n debe contener:<\/p>\t\t\t\t\t\t\t\t<\/div>\n\t\t\t\t<\/div>\n\t\t\t\t<section class=\"elementor-section elementor-inner-section elementor-element elementor-element-cc0461d elementor-section-boxed elementor-section-height-default elementor-section-height-default parallax_section_no qode_elementor_container_no\" data-id=\"cc0461d\" data-element_type=\"section\">\n\t\t\t\t\t\t<div class=\"elementor-container elementor-column-gap-default\">\n\t\t\t\t\t<div class=\"elementor-column elementor-col-50 elementor-inner-column elementor-element elementor-element-029a12b\" data-id=\"029a12b\" data-element_type=\"column\">\n\t\t\t<div class=\"elementor-widget-wrap elementor-element-populated\">\n\t\t\t\t\t\t<div class=\"elementor-element elementor-element-f2cfd07 elementor-icon-list--layout-traditional elementor-list-item-link-full_width elementor-widget elementor-widget-icon-list\" data-id=\"f2cfd07\" data-element_type=\"widget\" data-widget_type=\"icon-list.default\">\n\t\t\t\t<div class=\"elementor-widget-container\">\n\t\t\t\t\t\t\t<ul class=\"elementor-icon-list-items\">\n\t\t\t\t\t\t\t<li class=\"elementor-icon-list-item\">\n\t\t\t\t\t\t\t\t\t\t\t<span class=\"elementor-icon-list-icon\">\n\t\t\t\t\t\t\t<i aria-hidden=\"true\" class=\"fas fa-check\"><\/i>\t\t\t\t\t\t<\/span>\n\t\t\t\t\t\t\t\t\t\t<span class=\"elementor-icon-list-text\">Datos de la empresa (o de la persona que ofrezca \/gestione el alojamiento).<\/span>\n\t\t\t\t\t\t\t\t\t<\/li>\n\t\t\t\t\t\t\t\t<li class=\"elementor-icon-list-item\">\n\t\t\t\t\t\t\t\t\t\t\t<span class=\"elementor-icon-list-icon\">\n\t\t\t\t\t\t\t<i aria-hidden=\"true\" class=\"fas fa-check\"><\/i>\t\t\t\t\t\t<\/span>\n\t\t\t\t\t\t\t\t\t\t<span class=\"elementor-icon-list-text\">Datos del estudiante<\/span>\n\t\t\t\t\t\t\t\t\t<\/li>\n\t\t\t\t\t\t\t\t<li class=\"elementor-icon-list-item\">\n\t\t\t\t\t\t\t\t\t\t\t<span class=\"elementor-icon-list-icon\">\n\t\t\t\t\t\t\t<i aria-hidden=\"true\" class=\"fas fa-check\"><\/i>\t\t\t\t\t\t<\/span>\n\t\t\t\t\t\t\t\t\t\t<span class=\"elementor-icon-list-text\">Tipo de alojamiento<\/span>\n\t\t\t\t\t\t\t\t\t<\/li>\n\t\t\t\t\t\t\t\t<li class=\"elementor-icon-list-item\">\n\t\t\t\t\t\t\t\t\t\t\t<span class=\"elementor-icon-list-icon\">\n\t\t\t\t\t\t\t<i aria-hidden=\"true\" class=\"fas fa-check\"><\/i>\t\t\t\t\t\t<\/span>\n\t\t\t\t\t\t\t\t\t\t<span class=\"elementor-icon-list-text\">Cierre con firma electr\u00f3nica<\/span>\n\t\t\t\t\t\t\t\t\t<\/li>\n\t\t\t\t\t\t<\/ul>\n\t\t\t\t\t\t<\/div>\n\t\t\t\t<\/div>\n\t\t\t\t\t<\/div>\n\t\t<\/div>\n\t\t\t\t<div class=\"elementor-column elementor-col-50 elementor-inner-column elementor-element elementor-element-16269dc\" data-id=\"16269dc\" data-element_type=\"column\">\n\t\t\t<div class=\"elementor-widget-wrap elementor-element-populated\">\n\t\t\t\t\t\t<div class=\"elementor-element elementor-element-d448fe6 elementor-icon-list--layout-traditional elementor-list-item-link-full_width elementor-widget elementor-widget-icon-list\" data-id=\"d448fe6\" data-element_type=\"widget\" data-widget_type=\"icon-list.default\">\n\t\t\t\t<div class=\"elementor-widget-container\">\n\t\t\t\t\t\t\t<ul class=\"elementor-icon-list-items\">\n\t\t\t\t\t\t\t<li class=\"elementor-icon-list-item\">\n\t\t\t\t\t\t\t\t\t\t\t<span class=\"elementor-icon-list-icon\">\n\t\t\t\t\t\t\t<i aria-hidden=\"true\" class=\"fas fa-check\"><\/i>\t\t\t\t\t\t<\/span>\n\t\t\t\t\t\t\t\t\t\t<span class=\"elementor-icon-list-text\">Tipo de alojamiento<\/span>\n\t\t\t\t\t\t\t\t\t<\/li>\n\t\t\t\t\t\t\t\t<li class=\"elementor-icon-list-item\">\n\t\t\t\t\t\t\t\t\t\t\t<span class=\"elementor-icon-list-icon\">\n\t\t\t\t\t\t\t<i aria-hidden=\"true\" class=\"fas fa-check\"><\/i>\t\t\t\t\t\t<\/span>\n\t\t\t\t\t\t\t\t\t\t<span class=\"elementor-icon-list-text\">Cierre con firma electr\u00f3nica<\/span>\n\t\t\t\t\t\t\t\t\t<\/li>\n\t\t\t\t\t\t<\/ul>\n\t\t\t\t\t\t<\/div>\n\t\t\t\t<\/div>\n\t\t\t\t\t<\/div>\n\t\t<\/div>\n\t\t\t\t\t<\/div>\n\t\t<\/section>\n\t\t\t\t<div class=\"elementor-element elementor-element-dffdd03 elementor-widget elementor-widget-text-editor\" data-id=\"dffdd03\" data-element_type=\"widget\" data-widget_type=\"text-editor.default\">\n\t\t\t\t<div class=\"elementor-widget-container\">\n\t\t\t\t\t\t\t\t\t<p>Por otro lado, necesitar\u00e1n la siguiente documentaci\u00f3n:<\/p>\t\t\t\t\t\t\t\t<\/div>\n\t\t\t\t<\/div>\n\t\t\t\t<section class=\"elementor-section elementor-inner-section elementor-element elementor-element-aa11af4 elementor-section-boxed elementor-section-height-default elementor-section-height-default parallax_section_no qode_elementor_container_no\" data-id=\"aa11af4\" data-element_type=\"section\">\n\t\t\t\t\t\t<div class=\"elementor-container elementor-column-gap-default\">\n\t\t\t\t\t<div class=\"elementor-column elementor-col-50 elementor-inner-column elementor-element elementor-element-fad50f1\" data-id=\"fad50f1\" data-element_type=\"column\">\n\t\t\t<div class=\"elementor-widget-wrap elementor-element-populated\">\n\t\t\t\t\t\t<div class=\"elementor-element elementor-element-4e13591 elementor-widget elementor-widget-text-editor\" data-id=\"4e13591\" data-element_type=\"widget\" data-widget_type=\"text-editor.default\">\n\t\t\t\t<div class=\"elementor-widget-container\">\n\t\t\t\t\t\t\t\t\t<p><strong>Documentos generales<\/strong><\/p><ul><li>Impreso de solicitud de visado (original y fotocopia).<\/li><li>Justificante del pago de la tasa.<\/li><li>Dos fotos de carnet recientes (menos de 6 meses de antig\u00fcedad).<\/li><li>Pasaporte en vigor (original y fotocopia con dos hojas en blanco), debe estar expedido hace menos de 10 a\u00f1os, y debe tener vigencia hasta dos meses despu\u00e9s de viajar.<\/li><\/ul><p>\u00a0<\/p><p><b><\/b><strong><b>Documentaci\u00f3n adicional (optativa\/recomendable)<\/b><\/strong><strong><b>, y obligatoria para estancias de m\u00e1s de 6 meses:<\/b><\/strong><\/p><ul><li>Certificado de no padecer ninguna de las enfermedades con repercusi\u00f3n grave en la salud p\u00fablica.<\/li><li>Certificado de carecer de antecedentes penales en los \u00faltimos cinco a\u00f1os por delitos previstos en el ordenamiento espa\u00f1ol.<\/li><\/ul>\t\t\t\t\t\t\t\t<\/div>\n\t\t\t\t<\/div>\n\t\t\t\t\t<\/div>\n\t\t<\/div>\n\t\t\t\t<div class=\"elementor-column elementor-col-50 elementor-inner-column elementor-element elementor-element-202ec6c\" data-id=\"202ec6c\" data-element_type=\"column\">\n\t\t\t<div class=\"elementor-widget-wrap elementor-element-populated\">\n\t\t\t\t\t\t<div class=\"elementor-element elementor-element-62c4ebf elementor-widget elementor-widget-text-editor\" data-id=\"62c4ebf\" data-element_type=\"widget\" data-widget_type=\"text-editor.default\">\n\t\t\t\t<div class=\"elementor-widget-container\">\n\t\t\t\t\t\t\t\t\t<ol start=\"2\"><li><strong>Documentos justificativos<\/strong><\/li><\/ol><ul><li>Justificaci\u00f3n del objeto de la estancia(certificados de estudios del pa\u00eds de origen y certificado de nivel de espa\u00f1ol, si se tiene), y credibilidad sobre el retorno.<\/li><li>Recursos econ\u00f3micos suficientes, documento apostillado o legalizado mediante notario o Apostilla de la Haya (es necesario contar con el 100% del IPREM*.<\/li><li>Justificaci\u00f3n del alojamiento.<\/li><li>Programa formativo de la escuela.<\/li><li>Carta de motivaci\u00f3n (motivaci\u00f3n para ir a estudiar a Espa\u00f1a, informaci\u00f3n de retorno y arraigo en el pa\u00eds de origen).<\/li><li>Certificado de titularidad de un seguro m\u00e9dico m\u00e9dico autorizado.<\/li><li>\u00a0<\/li><\/ul>\t\t\t\t\t\t\t\t<\/div>\n\t\t\t\t<\/div>\n\t\t\t\t\t<\/div>\n\t\t<\/div>\n\t\t\t\t\t<\/div>\n\t\t<\/section>\n\t\t\t\t<section class=\"elementor-section elementor-inner-section elementor-element elementor-element-be21cff elementor-section-boxed elementor-section-height-default elementor-section-height-default parallax_section_no qode_elementor_container_no\" data-id=\"be21cff\" data-element_type=\"section\">\n\t\t\t\t\t\t<div class=\"elementor-container elementor-column-gap-default\">\n\t\t\t\t\t<div class=\"elementor-column elementor-col-50 elementor-inner-column elementor-element elementor-element-8b7ba2a\" data-id=\"8b7ba2a\" data-element_type=\"column\">\n\t\t\t<div class=\"elementor-widget-wrap elementor-element-populated\">\n\t\t\t\t\t\t<div class=\"elementor-element elementor-element-702fde8 elementor-widget elementor-widget-text-editor\" data-id=\"702fde8\" data-element_type=\"widget\" data-widget_type=\"text-editor.default\">\n\t\t\t\t<div class=\"elementor-widget-container\">\n\t\t\t\t\t\t\t\t\t<p>CONSEJOS:<\/p><ul><li>Consultar previamente la <a href=\"https:\/\/www.exteriores.gob.es\/es\/EmbajadasConsulados\/Paginas\/index.aspx\"><u>p\u00e1gina web del Consulado <\/u><\/a>donde vaya a presentar la solicitud\u00a0para comprobar los requisitos en ese momento.<\/li><li>Realizar una traducci\u00f3n jurada si la documentaci\u00f3n no est\u00e1 en espa\u00f1ol.<\/li><li>Si un estudiante de larga duraci\u00f3n reserva alojamiento por un corto periodo, deber\u00e1 entregar documentaci\u00f3n acreditativa de dicha decisi\u00f3n.<\/li><\/ul>\t\t\t\t\t\t\t\t<\/div>\n\t\t\t\t<\/div>\n\t\t\t\t\t<\/div>\n\t\t<\/div>\n\t\t\t\t<div class=\"elementor-column elementor-col-50 elementor-inner-column elementor-element elementor-element-70bb9f1\" data-id=\"70bb9f1\" data-element_type=\"column\">\n\t\t\t<div class=\"elementor-widget-wrap elementor-element-populated\">\n\t\t\t\t\t\t<div class=\"elementor-element elementor-element-98ea773 elementor-widget elementor-widget-text-editor\" data-id=\"98ea773\" data-element_type=\"widget\" data-widget_type=\"text-editor.default\">\n\t\t\t\t<div class=\"elementor-widget-container\">\n\t\t\t\t\t\t\t\t\t<ol start=\"4\"><li><strong>Documentaci\u00f3n adicional (optativa\/recomendable)<\/strong><\/li><\/ol><ul><li>Certificado de no padecer ninguna de las enfermedades con repercusi\u00f3n grave en la salud p\u00fablica.<\/li><li>Certificado de carecer de antecedentes penales en los \u00faltimos cinco a\u00f1os por delitos previstos en el ordenamiento espa\u00f1ol.<\/li><li>Consultar previamente la p\u00e1gina web del Consulado donde vaya a presentar la solicitud.<\/li><li>Realizar una traducci\u00f3n jurada si la documentaci\u00f3n no est\u00e1 en espa\u00f1ol.<\/li><li>Si un estudiante de larga duraci\u00f3n reserva alojamiento por un corto periodo, deber\u00e1 entregar documentaci\u00f3n acreditativa de dicha decisi\u00f3n.<\/li><\/ul>\t\t\t\t\t\t\t\t<\/div>\n\t\t\t\t<\/div>\n\t\t\t\t\t<\/div>\n\t\t<\/div>\n\t\t\t\t\t<\/div>\n\t\t<\/section>\n\t\t\t\t<div class=\"elementor-element elementor-element-8aacf0c elementor-widget elementor-widget-text-editor\" data-id=\"8aacf0c\" data-element_type=\"widget\" data-widget_type=\"text-editor.default\">\n\t\t\t\t<div class=\"elementor-widget-container\">\n\t\t\t\t\t\t\t\t\t<p>Todo ello deber\u00e1 personarse en el Consulado de Espa\u00f1a m\u00e1s cercano al lugar de residencia del estudiante. No m\u00e1s de 6 meses antes y no m\u00e1s tarde de 15 d\u00edas antes de la fecha prevista de viaje.<\/p><p>Las tasas deben abonarse previamente, y no se devuelven aunque la resoluci\u00f3n no sea favorable. Una vez que se comprueba la solicitud, el Consulado la examinar\u00e1 y la valorar\u00e1 atendiendo a la lucha contra la inmigraci\u00f3n ilegal.<\/p><p>Durante esta evaluaci\u00f3n se puede solicitar al estudiante que se persone en la Oficina Consular.<\/p><p>La oficina consular tramitar\u00e1 el visado de estudios con uno de los c\u00f3digos habilitados:<\/p><p>SSU: duraci\u00f3n de estudios inferior a 6 meses.<\/p><p>SLU: duraci\u00f3n de estudios superior a 6 meses.<\/p>\t\t\t\t\t\t\t\t<\/div>\n\t\t\t\t<\/div>\n\t\t\t\t\t<\/div>\n\t\t<\/div>\n\t\t\t\t\t<\/div>\n\t\t<\/section>\n\t\t\t\t<section class=\"elementor-section elementor-top-section elementor-element elementor-element-4c9bb64 elementor-section-boxed elementor-section-height-default elementor-section-height-default parallax_section_no qode_elementor_container_no\" data-id=\"4c9bb64\" data-element_type=\"section\" id=\"Requirements2\">\n\t\t\t\t\t\t<div class=\"elementor-container elementor-column-gap-default\">\n\t\t\t\t\t<div class=\"elementor-column elementor-col-100 elementor-top-column elementor-element elementor-element-c1720dd\" data-id=\"c1720dd\" data-element_type=\"column\">\n\t\t\t<div class=\"elementor-widget-wrap elementor-element-populated\">\n\t\t\t\t\t\t<div class=\"elementor-element elementor-element-79622be elementor-widget elementor-widget-heading\" data-id=\"79622be\" data-element_type=\"widget\" data-widget_type=\"heading.default\">\n\t\t\t\t<div class=\"elementor-widget-container\">\n\t\t\t\t\t<h4 class=\"elementor-heading-title elementor-size-default\">Requisitos que debe cumplir el centro<\/h4>\t\t\t\t<\/div>\n\t\t\t\t<\/div>\n\t\t\t\t<div class=\"elementor-element elementor-element-0e84ef6 elementor-widget elementor-widget-text-editor\" data-id=\"0e84ef6\" data-element_type=\"widget\" data-widget_type=\"text-editor.default\">\n\t\t\t\t<div class=\"elementor-widget-container\">\n\t\t\t\t\t\t\t\t\t<ul><li>Ser <strong>centro acreditado<\/strong> por el Instituto Cervantes (Art. 37 del RD 557\/2011).<\/li><li>Impartir el curso en un <strong>establecimiento acreditado<\/strong>.<\/li><li>Cumplir con un <strong>programa a tiempo completo<\/strong>.<\/li><li>Obtenci\u00f3n de un t\u00edtulo o certificado de estudios al finalizar el curso <em><i>(DELE o SIELE, ambos pueden llevarse a cabo en iNMSOL).<\/i><\/em><\/li><li><strong>Los periodos vacacionales, <\/strong>si no coincide con las fechas establecidas en el calendario escolar oficial, nunca debe ser superior al 20% de la duraci\u00f3n total del curso\u00a0(15% en caso de cursos inferiores a 20 semanas). \u00a0Si el estudiante quiere solicitar\u00a0vacaciones, deber\u00e1 hacerlo en el momento de la inscripci\u00f3n.<\/li><li><strong>Carta de admisi\u00f3n completa y veraz<\/strong> que cumpla con:<ul><li>M\u00ednimo 20h semanales para larga duraci\u00f3n y presenciales. En corta estancia no hay m\u00ednimo de horas lectivas(pero se aconseja entre 12 y 15 horas).<\/li><li>Pago previo total.<\/li><li>Datos del alojamiento (el estudiante debe informar a la escuela de su lugar de alojamiento y las fechas).<\/li><li>Fechas de inicio y de finalizaci\u00f3n del curso, que incluir\u00e1n las semanas de vacaciones.<\/li><\/ul><\/li><\/ul>\t\t\t\t\t\t\t\t<\/div>\n\t\t\t\t<\/div>\n\t\t\t\t\t<\/div>\n\t\t<\/div>\n\t\t\t\t\t<\/div>\n\t\t<\/section>\n\t\t\t\t<section class=\"elementor-section elementor-top-section elementor-element elementor-element-02776aa elementor-section-stretched elementor-section-boxed elementor-section-height-default elementor-section-height-default parallax_section_no qode_elementor_container_no\" data-id=\"02776aa\" data-element_type=\"section\" id=\"DOCUMENTS\" data-settings=\"{&quot;stretch_section&quot;:&quot;section-stretched&quot;,&quot;background_background&quot;:&quot;classic&quot;}\">\n\t\t\t\t\t\t<div class=\"elementor-container elementor-column-gap-default\">\n\t\t\t\t\t<div class=\"elementor-column elementor-col-100 elementor-top-column elementor-element elementor-element-2530aef\" data-id=\"2530aef\" data-element_type=\"column\">\n\t\t\t<div class=\"elementor-widget-wrap elementor-element-populated\">\n\t\t\t\t\t\t<div class=\"elementor-element elementor-element-7508baa elementor-widget elementor-widget-heading\" data-id=\"7508baa\" data-element_type=\"widget\" data-widget_type=\"heading.default\">\n\t\t\t\t<div class=\"elementor-widget-container\">\n\t\t\t\t\t<h3 class=\"elementor-heading-title elementor-size-default\">DOCUMENTOS QUE PROPORCIONA iNMSOL<\/h3>\t\t\t\t<\/div>\n\t\t\t\t<\/div>\n\t\t\t\t<div class=\"elementor-element elementor-element-8b13c5b elementor-widget elementor-widget-text-editor\" data-id=\"8b13c5b\" data-element_type=\"widget\" data-widget_type=\"text-editor.default\">\n\t\t\t\t<div class=\"elementor-widget-container\">\n\t\t\t\t\t\t\t\t\t<p><strong>Instituto Mediterr\u00e1neo Sol<\/strong>, tras recibir la preinscripci\u00f3n, copia del pasaporte en vigor y pago del total de la reserva, enviar\u00e1 al estudiante la siguiente documentaci\u00f3n:<\/p><ul><li><strong>Confirmaci\u00f3n de la reserva del curso de espa\u00f1ol<\/strong> (y servicios adicionales, si procede) que muestra el desglose de precios y la cantidad total recibida por la escuela (debe ser el 100% de la reserva).<\/li><li><strong>Carta de invitaci\u00f3n<\/strong> dirigida al Consulado (carta de admisi\u00f3n) verificada a trav\u00e9s de <strong><em>ISIGMA<\/em><\/strong>, que incluye:<ul><li>Firma electr\u00f3nica avanzada<\/li><li>C\u00f3digo Seguro de Verificaci\u00f3n (CSV)<\/li><li>C\u00f3digo QR vinculado a nuestra plataforma oficial<\/li><\/ul><\/li><\/ul><p>Este documento se podr\u00e1 validar a trav\u00e9s de: <a href=\"https:\/\/app.portasigma.com\/fedele\/login.jsp\"><u>https:\/\/app.portasigma.com\/fedele\/login.jsp<\/u><\/a><\/p><ul><li>Programa formativo del curso de espa\u00f1olque incluye los certificados a los que puede conducir (DELE\/SIELE).<\/li><li>Certificado de iNMSOL como centro acreditado por el Instituto Cervantes.<\/li><li>Gu\u00eda del estudiante iNMSOL.<\/li><li>Informaci\u00f3n sobre los pasos previos a seguir para el inicio del curso: accesos al test de nivel y cuestionario de necesidades.<\/li><li>Informaci\u00f3n sobre el primer d\u00eda de clase.<\/li><\/ul><p>Todos los documentos ser\u00e1n firmados digitalmente y enviados por email en el plazo de 48 horas desde la recepci\u00f3n de documentaci\u00f3n y pago del estudiante. Tambi\u00e9n ser\u00e1 necesario recibir la informaci\u00f3n sobre el alojamiento del estudiante para incluirla en el documento de admisi\u00f3n que recibir\u00e1 el consulado, por lo que aconsejamos que dicha informaci\u00f3n se env\u00eda a iNMSOL en el momento de realizar el pago, y as\u00ed no retrasar el proceso de expedici\u00f3n de la carta de admisi\u00f3n.<\/p>\t\t\t\t\t\t\t\t<\/div>\n\t\t\t\t<\/div>\n\t\t\t\t\t<\/div>\n\t\t<\/div>\n\t\t\t\t\t<\/div>\n\t\t<\/section>\n\t\t\t\t<section class=\"elementor-section elementor-top-section elementor-element elementor-element-fc4eee4 elementor-section-boxed elementor-section-height-default elementor-section-height-default parallax_section_no qode_elementor_container_no\" data-id=\"fc4eee4\" data-element_type=\"section\" id=\"RESOLUTION\">\n\t\t\t\t\t\t<div class=\"elementor-container elementor-column-gap-default\">\n\t\t\t\t\t<div class=\"elementor-column elementor-col-100 elementor-top-column elementor-element elementor-element-87ef9c5\" data-id=\"87ef9c5\" data-element_type=\"column\">\n\t\t\t<div class=\"elementor-widget-wrap elementor-element-populated\">\n\t\t\t\t\t\t<div class=\"elementor-element elementor-element-68a9242 elementor-widget elementor-widget-heading\" data-id=\"68a9242\" data-element_type=\"widget\" data-widget_type=\"heading.default\">\n\t\t\t\t<div class=\"elementor-widget-container\">\n\t\t\t\t\t<h3 class=\"elementor-heading-title elementor-size-default\">RESOLUCI\u00d3N<\/h3>\t\t\t\t<\/div>\n\t\t\t\t<\/div>\n\t\t\t\t<div class=\"elementor-element elementor-element-035435d elementor-widget elementor-widget-heading\" data-id=\"035435d\" data-element_type=\"widget\" data-widget_type=\"heading.default\">\n\t\t\t\t<div class=\"elementor-widget-container\">\n\t\t\t\t\t<h5 class=\"elementor-heading-title elementor-size-default\">RESOLUCI\u00d3N<\/h5>\t\t\t\t<\/div>\n\t\t\t\t<\/div>\n\t\t\t\t<div class=\"elementor-element elementor-element-d3b7337 elementor-widget elementor-widget-text-editor\" data-id=\"d3b7337\" data-element_type=\"widget\" data-widget_type=\"text-editor.default\">\n\t\t\t\t<div class=\"elementor-widget-container\">\n\t\t\t\t\t\t\t\t\t<p>Las Embajadas o Consulados tienen el deber de dictaminar de modo expreso, lo antes posible, sobre toda solicitud recibida. El plazo oficial es de 30 d\u00edas, aunque puede llegar hasta 3 meses. Despu\u00e9s de este tiempo se deber\u00e1 entender como desestimada la solicitud por silencio administrativo negativo.<\/p>\t\t\t\t\t\t\t\t<\/div>\n\t\t\t\t<\/div>\n\t\t\t\t<section class=\"elementor-section elementor-inner-section elementor-element elementor-element-98ee1e9 elementor-section-boxed elementor-section-height-default elementor-section-height-default parallax_section_no qode_elementor_container_no\" data-id=\"98ee1e9\" data-element_type=\"section\">\n\t\t\t\t\t\t<div class=\"elementor-container elementor-column-gap-default\">\n\t\t\t\t\t<div class=\"elementor-column elementor-col-50 elementor-inner-column elementor-element elementor-element-57e4763\" data-id=\"57e4763\" data-element_type=\"column\">\n\t\t\t<div class=\"elementor-widget-wrap elementor-element-populated\">\n\t\t\t\t\t\t<div class=\"elementor-element elementor-element-14dc41b elementor-widget elementor-widget-heading\" data-id=\"14dc41b\" data-element_type=\"widget\" data-widget_type=\"heading.default\">\n\t\t\t\t<div class=\"elementor-widget-container\">\n\t\t\t\t\t<h5 class=\"elementor-heading-title elementor-size-default\">A. CONCESI\u00d3N DEL VISADO<\/h5>\t\t\t\t<\/div>\n\t\t\t\t<\/div>\n\t\t\t\t<div class=\"elementor-element elementor-element-0f127fc elementor-widget elementor-widget-text-editor\" data-id=\"0f127fc\" data-element_type=\"widget\" data-widget_type=\"text-editor.default\">\n\t\t\t\t<div class=\"elementor-widget-container\">\n\t\t\t\t\t\t\t\t\t<p>Una vez comunicada la concesi\u00f3n del visado al estudiante, \u00e9ste cuenta con 2 meses de plazo para la recogida del visado, de forma personal. De no hacerlo en ese plazo, se entender\u00e1 que ha renunciado a la autorizaci\u00f3n concedida.<\/p>\t\t\t\t\t\t\t\t<\/div>\n\t\t\t\t<\/div>\n\t\t\t\t\t<\/div>\n\t\t<\/div>\n\t\t\t\t<div class=\"elementor-column elementor-col-50 elementor-inner-column elementor-element elementor-element-aa9b129\" data-id=\"aa9b129\" data-element_type=\"column\">\n\t\t\t<div class=\"elementor-widget-wrap elementor-element-populated\">\n\t\t\t\t\t\t<div class=\"elementor-element elementor-element-3fdd873 elementor-widget elementor-widget-heading\" data-id=\"3fdd873\" data-element_type=\"widget\" data-widget_type=\"heading.default\">\n\t\t\t\t<div class=\"elementor-widget-container\">\n\t\t\t\t\t<h5 class=\"elementor-heading-title elementor-size-default\">B. DENEGACI\u00d3N DEL VISADO<\/h5>\t\t\t\t<\/div>\n\t\t\t\t<\/div>\n\t\t\t\t<div class=\"elementor-element elementor-element-ad7a1a7 elementor-widget elementor-widget-text-editor\" data-id=\"ad7a1a7\" data-element_type=\"widget\" data-widget_type=\"text-editor.default\">\n\t\t\t\t<div class=\"elementor-widget-container\">\n\t\t\t\t\t\t\t\t\t<p>Las denegaciones de visado ser\u00e1n notificadas por escrito al interesado y deber\u00e1n estar firmadas y selladas por el funcionario diplom\u00e1tico o consular responsable. La normativa no impide a un mismo estudiante presentar cuantas solicitudes de visado desee, sea cual sea el plazo entre ellas. Se debe tener en cuenta que no sean solicitudes reiteradas.<\/p><p>Ante una denegaci\u00f3n el estudiante podr\u00e1 interponer un recurso.<\/p>\t\t\t\t\t\t\t\t<\/div>\n\t\t\t\t<\/div>\n\t\t\t\t\t<\/div>\n\t\t<\/div>\n\t\t\t\t\t<\/div>\n\t\t<\/section>\n\t\t\t\t<section class=\"elementor-section elementor-inner-section elementor-element elementor-element-5916259 elementor-section-boxed elementor-section-height-default elementor-section-height-default parallax_section_no qode_elementor_container_no\" data-id=\"5916259\" data-element_type=\"section\">\n\t\t\t\t\t\t<div class=\"elementor-container elementor-column-gap-default\">\n\t\t\t\t\t<div class=\"elementor-column elementor-col-50 elementor-inner-column elementor-element elementor-element-c8a7847\" data-id=\"c8a7847\" data-element_type=\"column\">\n\t\t\t<div class=\"elementor-widget-wrap elementor-element-populated\">\n\t\t\t\t\t\t<div class=\"elementor-element elementor-element-dbeae89 elementor-widget elementor-widget-heading\" data-id=\"dbeae89\" data-element_type=\"widget\" data-widget_type=\"heading.default\">\n\t\t\t\t<div class=\"elementor-widget-container\">\n\t\t\t\t\t<h4 class=\"elementor-heading-title elementor-size-default\">Principales motivos de denegaci\u00f3n<\/h4>\t\t\t\t<\/div>\n\t\t\t\t<\/div>\n\t\t\t\t<div class=\"elementor-element elementor-element-9eb8a71 elementor-widget elementor-widget-text-editor\" data-id=\"9eb8a71\" data-element_type=\"widget\" data-widget_type=\"text-editor.default\">\n\t\t\t\t<div class=\"elementor-widget-container\">\n\t\t\t\t\t\t\t\t\t<p>Para tener mayor probabilidad de \u00e9xito en la obtenci\u00f3n del visado se recomienda tener en cuenta las principales causas de denegaci\u00f3n, y evitarlas. Estas causas suelen ser:<\/p><ul><li>Presentaci\u00f3n de documentos falsos o falsificados<\/li><li>No tener justificaci\u00f3n de la finalidad del viaje<\/li><li>No aportar pruebas de medios econ\u00f3micos suficientes<\/li><li>Haber permanecido ya 3 meses en el mismo espacio<\/li><li>Suponer una amenaza para el orden p\u00fablico, la seguridad o la salud p\u00fablica<\/li><li>Hacer declaraciones poco fiables durante la entrevista personal (si hubiera), o desconocer los detalles del viaje<\/li><li>No tener intenci\u00f3n de abandonar el territorio Schengen antes de la expiraci\u00f3n del visado.<\/li><li>No tener un seguro m\u00e9dico de viaje adecuado.<\/li><li>Si el solicitante tiene antecedentes penales en los \u00faltimos cinco a\u00f1os<\/li><\/ul>\t\t\t\t\t\t\t\t<\/div>\n\t\t\t\t<\/div>\n\t\t\t\t\t<\/div>\n\t\t<\/div>\n\t\t\t\t<div class=\"elementor-column elementor-col-50 elementor-inner-column elementor-element elementor-element-77a53a6\" data-id=\"77a53a6\" data-element_type=\"column\">\n\t\t\t<div class=\"elementor-widget-wrap elementor-element-populated\">\n\t\t\t\t\t\t<div class=\"elementor-element elementor-element-9b89e0e elementor-widget elementor-widget-heading\" data-id=\"9b89e0e\" data-element_type=\"widget\" data-widget_type=\"heading.default\">\n\t\t\t\t<div class=\"elementor-widget-container\">\n\t\t\t\t\t<h4 class=\"elementor-heading-title elementor-size-default\">Recomendaciones<\/h4>\t\t\t\t<\/div>\n\t\t\t\t<\/div>\n\t\t\t\t<div class=\"elementor-element elementor-element-821962d elementor-widget elementor-widget-text-editor\" data-id=\"821962d\" data-element_type=\"widget\" data-widget_type=\"text-editor.default\">\n\t\t\t\t<div class=\"elementor-widget-container\">\n\t\t\t\t\t\t\t\t\t<p>De forma general, se recomienda que el estudiante:<\/p><ul><li>Conozca su solicitud y todos los documentos que aporta.<\/li><li>Lleve todos los documentos necesarios, tanto originales como copias, de forma organizada.<\/li><li>Muestre evidencia de arraigo con su pa\u00eds de origen, que quede claro que tiene intenci\u00f3n de volver cuando finalice su curso.<\/li><li>Hable con claridad y honestidad durante las entrevistas. No debe ocultar informaci\u00f3n.<\/li><li>Muestre entusiasmo por sus estudios, y c\u00f3mo le beneficiar\u00e1 la experiencia en su vida profesional y personal.<\/li><li>Sea puntual y lleve una vestimenta formal. Que sea educado y respetuoso.<\/li><li>Lleve preparadas respuestas a posibles preguntas comunes.<\/li><li>Preste atenci\u00f3n a los detalles y a las indicaciones del oficial consular.<\/li><li>Vaya calmado y seguro a la entrevista.<\/li><li>Haya comenzado a estudiar espa\u00f1ol, bien en un centro acreditado local o de forma online, y cuente con un nivel de espa\u00f1ol b\u00e1sico.<\/li><\/ul>\t\t\t\t\t\t\t\t<\/div>\n\t\t\t\t<\/div>\n\t\t\t\t\t<\/div>\n\t\t<\/div>\n\t\t\t\t\t<\/div>\n\t\t<\/section>\n\t\t\t\t\t<\/div>\n\t\t<\/div>\n\t\t\t\t\t<\/div>\n\t\t<\/section>\n\t\t\t\t<section class=\"elementor-section elementor-top-section elementor-element elementor-element-277686f elementor-section-stretched elementor-section-boxed elementor-section-height-default elementor-section-height-default parallax_section_no qode_elementor_container_no\" data-id=\"277686f\" data-element_type=\"section\" id=\"OBLIGATIONS\" data-settings=\"{&quot;stretch_section&quot;:&quot;section-stretched&quot;,&quot;background_background&quot;:&quot;classic&quot;}\">\n\t\t\t\t\t\t<div class=\"elementor-container elementor-column-gap-default\">\n\t\t\t\t\t<div class=\"elementor-column elementor-col-100 elementor-top-column elementor-element elementor-element-3d63578\" data-id=\"3d63578\" data-element_type=\"column\">\n\t\t\t<div class=\"elementor-widget-wrap elementor-element-populated\">\n\t\t\t\t\t\t<div class=\"elementor-element elementor-element-d945cf8 elementor-widget elementor-widget-heading\" data-id=\"d945cf8\" data-element_type=\"widget\" data-widget_type=\"heading.default\">\n\t\t\t\t<div class=\"elementor-widget-container\">\n\t\t\t\t\t<h3 class=\"elementor-heading-title elementor-size-default\">OBLIGACIONES DEL ESTUDIANTE<\/h3>\t\t\t\t<\/div>\n\t\t\t\t<\/div>\n\t\t\t\t<div class=\"elementor-element elementor-element-a333b68 elementor-widget elementor-widget-heading\" data-id=\"a333b68\" data-element_type=\"widget\" data-widget_type=\"heading.default\">\n\t\t\t\t<div class=\"elementor-widget-container\">\n\t\t\t\t\t<h4 class=\"elementor-heading-title elementor-size-default\">Antes de viajar a Espa\u00f1a<\/h4>\t\t\t\t<\/div>\n\t\t\t\t<\/div>\n\t\t\t\t<div class=\"elementor-element elementor-element-df4ebb4 elementor-widget elementor-widget-text-editor\" data-id=\"df4ebb4\" data-element_type=\"widget\" data-widget_type=\"text-editor.default\">\n\t\t\t\t<div class=\"elementor-widget-container\">\n\t\t\t\t\t\t\t\t\t<p><strong>PRESENTACI\u00d3N DE LA DOCUMENTACI\u00d3N Y SOLICITUD<\/strong><\/p><p>El estudiante debe aportar informaci\u00f3n y documentos veraces y legales.<\/p><p><strong>ESTADO DE LA SOLICITUD DE VISADO<\/strong><\/p><p><strong>Es esencial que el estudiante se comprometa a comunicar a la escuela el estado del proceso de su visado.<\/strong> Esto quiere decir que <u>es responsabilidad de cada estudiante informar<\/u> de si su visado ha sido concedido o denegado, siempre con antelaci\u00f3n al comienzo del curso (m\u00ednimo de 10 d\u00edas antes de la fecha de comienzo del curso).<\/p><p>En caso de que un curso empiece y la escuela no haya recibido ninguna notificaci\u00f3n, el curso se dar\u00e1 por comenzado y no ser\u00e1 posible ninguna devoluci\u00f3n. Si el estudiante aporta un documento de denegaci\u00f3n de visado <u>despu\u00e9s<\/u> del comienzo del curso, no se devolver\u00e1 el primer mes de clase, como m\u00ednimo, o el per\u00edodo del mismo transcurrido (ni los 200\u20ac de gastos de gesti\u00f3n). El estudiante deber\u00e1 comunicar la no llegada a tiempo con, al menos, 10 d\u00edas de antelaci\u00f3n. Entre 10 y 3 d\u00edas antes no se garantiza que se empiece el d\u00eda de inicio estipulado en la reserva. Menos de 2 d\u00edas (si le han dado el visado la incorporaci\u00f3n se har\u00e1 una semana despu\u00e9s, sin recuperaci\u00f3n de clases). Si no le han dado el visado se aplicar\u00e1n las normas anteriores.<\/p><p>Los cursos tienen una fecha de inicio que se debe respetar. Esta fecha la elige el estudiante antes de hacer el pago (el comienzo del curso siempre debe ser un lunes, y el final siempre un viernes, salvo d\u00edas festivos), y es flexible (salvo para los cursos de preparaci\u00f3n Selectividad EBAU). Por eso no se puede cambiar una vez que el curso se ha pagado y la escuela ha expedido los documentos para el consulado.<\/p><p>La \u00fanica excepci\u00f3n al cambio de fechas del curso, antes del comienzo del mismo, ser\u00e1 por la <strong>imposibilidad de obtener cita en el consulado del pa\u00eds de origen<\/strong>. Para ello el estudiante deber\u00e1 aportar un documento del consulado en el que se muestre claramente la fecha de la cita y a qu\u00e9 estudiante corresponde esa cita.<\/p><p>Este cambio de curso o fechas podr\u00e1 hacerse solo 1 vez de forma gratuita (y solo aportando el documento que lo justifique). Si el estudiante quiere solicitar cambios adicionales, deber\u00e1 abonar 200\u20ac m\u00e1s de gastos de gesti\u00f3n (siempre y cuando la solicitud del cambio de fechas venga acompa\u00f1ada de un documento que lo justifique).<\/p><p><strong>TIPO DE CURSO ELEGIDO Y CONDICIONES DE PARTICIPACI\u00d3N<\/strong><\/p><p>iNMSOL tiene a disposici\u00f3n del estudiante una web con informaci\u00f3n completa de los tipos de cursos que se ofrecen y sus caracter\u00edsticas. Tambi\u00e9n cuenta con canales de comunicaci\u00f3n suficientes (email, WhatsApp, tel\u00e9fono) para responder a todas las dudas que el estudiante plantee. La disponibilidad de la escuela persigue dar informaci\u00f3n completa y suficiente antes del compromiso de inscripci\u00f3n del estudiante, para evitar posibles dudas una vez que el curso haya comenzado.<\/p><p>Por eso pedimos que el estudiante se informe de las condiciones y caracter\u00edsticas del curso que est\u00e1 reservando, y que contacte con nosotros las veces necesarias para que no haya dudas despu\u00e9s de haberlo empezado.<\/p><p><strong>CONTRATACI\u00d3N A TRAV\u00c9S DE AGENCIAS COLABORADORAS<\/strong><\/p><p>Cuando el estudiante contrate nuestros cursos a trav\u00e9s de una agencia, debe tener presente que toda comunicaci\u00f3n y todas las gestiones deben hacerse a trav\u00e9s de la agencia. iNMSOL no atender\u00e1 peticiones que se hagan de forma paralela.<\/p><p>Las condiciones de contrataci\u00f3n directa o de contrataci\u00f3n a trav\u00e9s de la agencia son las mismas: hacerlo a trav\u00e9s de agencia no exime al estudiante de las obligaciones que se detallan en este apartado.<\/p><p>iNMSOL no se hace responsable de la gesti\u00f3n de las agencias colaboradoras.<\/p>\t\t\t\t\t\t\t\t<\/div>\n\t\t\t\t<\/div>\n\t\t\t\t<div class=\"elementor-element elementor-element-76ef341 elementor-widget elementor-widget-heading\" data-id=\"76ef341\" data-element_type=\"widget\" id=\"OBLIGATIONS2\" data-widget_type=\"heading.default\">\n\t\t\t\t<div class=\"elementor-widget-container\">\n\t\t\t\t\t<h4 class=\"elementor-heading-title elementor-size-default\">Una vez que comienza el curso presencial<\/h4>\t\t\t\t<\/div>\n\t\t\t\t<\/div>\n\t\t\t\t<div class=\"elementor-element elementor-element-251ca11 elementor-widget elementor-widget-text-editor\" data-id=\"251ca11\" data-element_type=\"widget\" data-widget_type=\"text-editor.default\">\n\t\t\t\t<div class=\"elementor-widget-container\">\n\t\t\t\t\t\t\t\t\t<p><strong><em>IMPORTANTE: esta informaci\u00f3n es siempre orientativa. Cada estudiante debe solicitar los requisitos concretos a la oficina de Extranjer\u00eda, ya que estos pueden variar de un tiempo a otro.<\/em><\/strong><\/p>\t\t\t\t\t\t\t\t<\/div>\n\t\t\t\t<\/div>\n\t\t\t\t<div class=\"elementor-element elementor-element-0d546ab elementor-widget elementor-widget-text-editor\" data-id=\"0d546ab\" data-element_type=\"widget\" data-widget_type=\"text-editor.default\">\n\t\t\t\t<div class=\"elementor-widget-container\">\n\t\t\t\t\t\t\t\t\t<p>A la llegada del estudiante a Granada, este debe comenzar los tr\u00e1mites para regularizar su situaci\u00f3n en el pa\u00eds y que pueda residir de forma legal.<\/p><ul><li><strong>Empadronamiento en Granada.<\/strong> Se solicita en el Ayuntamiento, aportando las pruebas del lugar de residencia y documento de identidad. Ser\u00e1 necesario un contrato de alquiler, facturas recientes de servicios a esa direcci\u00f3n y el consentimiento del propietario del alojamiento.<\/li><li><strong>Solicitar NIE (n\u00famero de identificaci\u00f3n de extranjero).<\/strong> Para ello hay que pedir cita previa en la Polic\u00eda o en la Oficina de Extranjer\u00eda, y aportar la documentaci\u00f3n requerida.<\/li><li><strong>Abrir una cuenta bancaria.<\/strong> Ser\u00e1 suficiente con aportar el documento de identidad, el NIE y un documento que acredite la situaci\u00f3n de estudiante (puede ser una carta de certificado de inscripci\u00f3n al curso proporcionada por la escuela).<\/li><li><strong>Solicitar TIE (tarjeta de identidad de extranjero).<\/strong> Este tr\u00e1mite debe hacerse en los primeros 30 d\u00edas desde la entrada en Espa\u00f1a, y se solicita en la Oficina de Extranjer\u00eda, con cita previa. Ser\u00e1 necesario aportar el formulario correspondiente relleno, el documento de identidad, el recibo de pago de la tasa correspondiente y la documentaci\u00f3n relativa al motivo de la solicitud (en este caso, la acreditaci\u00f3n de estudiante). Ese d\u00eda puede que se deba hacer una entrevista y se tomen las huellas dactilares del solicitante. M\u00e1s informaci\u00f3n detalla y actualizada en la web oficial de la Polic\u00eda: <a href=\"https:\/\/www.policia.es\/_ca\/extranjeria_extranjeros.php\">https:\/\/www.policia.es\/_ca\/extranjeria_extranjeros.php<\/a><\/li><\/ul>\t\t\t\t\t\t\t\t<\/div>\n\t\t\t\t<\/div>\n\t\t\t\t<div class=\"elementor-element elementor-element-46931ed elementor-widget elementor-widget-heading\" data-id=\"46931ed\" data-element_type=\"widget\" id=\"OBLIGATIONS3\" data-widget_type=\"heading.default\">\n\t\t\t\t<div class=\"elementor-widget-container\">\n\t\t\t\t\t<h4 class=\"elementor-heading-title elementor-size-default\">Asistencia a clase (obligatoria)<\/h4>\t\t\t\t<\/div>\n\t\t\t\t<\/div>\n\t\t\t\t<div class=\"elementor-element elementor-element-be7a01e elementor-widget elementor-widget-text-editor\" data-id=\"be7a01e\" data-element_type=\"widget\" data-widget_type=\"text-editor.default\">\n\t\t\t\t<div class=\"elementor-widget-container\">\n\t\t\t\t\t\t\t\t\t<p>Instituto Mediterr\u00e1neo Sol es un centro acreditado por el Instituto Cervantes, y adscrito a FEDELE (Federaci\u00f3n de escuelas de espa\u00f1ol) y otras asociaciones como EEA (Escuelas de espa\u00f1ol de Andaluc\u00eda). Esto implica compromisos legales que la escuela debe seguir de forma transparente y sin excepciones, como es el control de asistencia de los estudiantes que obtienen un visado de larga duraci\u00f3n.<\/p><p>Se trata de un requisito de la Oficina de Extranjer\u00eda para poder gestionar las solicitudes de visados de estudios y de extensi\u00f3n de visados.<\/p><p>Para ello, la escuela cuenta con un sistema de contabilizaci\u00f3n de asistencia y un protocolo de aviso a Extranjer\u00eda en caso de faltas de asistencia injustificadas que detallamos a continuaci\u00f3n.<\/p>\t\t\t\t\t\t\t\t<\/div>\n\t\t\t\t<\/div>\n\t\t\t\t<div class=\"elementor-element elementor-element-7f76290 elementor-widget elementor-widget-heading\" data-id=\"7f76290\" data-element_type=\"widget\" data-widget_type=\"heading.default\">\n\t\t\t\t<div class=\"elementor-widget-container\">\n\t\t\t\t\t<h5 class=\"elementor-heading-title elementor-size-default\">C\u00c1LCULO DE PORCENTAJE DE ASISTENCIA<\/h5>\t\t\t\t<\/div>\n\t\t\t\t<\/div>\n\t\t\t\t<div class=\"elementor-element elementor-element-d538482 elementor-widget elementor-widget-text-editor\" data-id=\"d538482\" data-element_type=\"widget\" data-widget_type=\"text-editor.default\">\n\t\t\t\t<div class=\"elementor-widget-container\">\n\t\t\t\t\t\t\t\t\t<p><strong>Estudiantes con visado de larga duraci\u00f3n<\/strong><\/p><p>Los estudiantes que han obtenido un visado de estudiante a trav\u00e9s de un curso con Instituto Mediterr\u00e1neo Sol deber\u00e1n venir a clase diariamente. Estos estudiantes necesitan demostrar una <strong>asistencia del 100%. Se requerir\u00e1 una asistencia m\u00ednima del 85%<\/strong> de las clases contratadas para obtener un certificado de asistencia al finalizar su curso. Para ello cuentan con un listado semanal en el que deben firmar cada d\u00eda. Este listado se encuentra en Secretar\u00eda:<\/p>\t\t\t\t\t\t\t\t<\/div>\n\t\t\t\t<\/div>\n\t\t\t\t<div class=\"elementor-element elementor-element-899efa4 elementor-widget elementor-widget-heading\" data-id=\"899efa4\" data-element_type=\"widget\" data-widget_type=\"heading.default\">\n\t\t\t\t<div class=\"elementor-widget-container\">\n\t\t\t\t\t<p class=\"elementor-heading-title elementor-size-default\">LISTADO DE ASISTENCIA | Estudiantes con visado <\/p>\t\t\t\t<\/div>\n\t\t\t\t<\/div>\n\t\t\t\t<div class=\"elementor-element elementor-element-38124ac elementor-widget elementor-widget-html\" data-id=\"38124ac\" data-element_type=\"widget\" data-widget_type=\"html.default\">\n\t\t\t\t<div class=\"elementor-widget-container\">\n\t\t\t\t\t<table class=\"demTable\">\r\n\t\t<thead>\r\n\t\t\t<tr>\r\n\t\t\t\t<th>ESTUDIANTE<\/th>\r\n\t\t\t\t<th>LUNES<\/th>\r\n\t\t\t\t<th>MARTES<\/th>\r\n\t\t\t\t<th>MI\u00c9RCOLES<\/th>\r\n\t\t\t\t<th>JUEVES<\/th>\r\n\t\t\t\t<th>VIERNES<\/th>\r\n\t\t\t\t<th><br><\/th>\r\n\t\t\t<\/tr>\r\n\t\t<\/thead>\r\n\t\t<tbody>\r\n\t\t\t<tr>\r\n\t\t\t\t<td>Nombre del estudiante<\/td>\r\n\t\t\t\t<td>1\u00aa HORA: 10%<br>2\u00aa HORA: 10%<\/td>\r\n\t\t\t\t<td>1\u00aa HORA: 10%<br>2\u00aa HORA: 10%<\/td>\r\n\t\t\t\t<td>1\u00aa HORA: 10%<br>2\u00aa HORA: 10%<\/td>\r\n\t\t\t\t<td>1\u00aa HORA: 10%<br>2\u00aa HORA: 10%<\/td>\r\n\t\t\t\t<td>1\u00aa HORA: 10%<br>2\u00aa HORA: 10%<\/td>\r\n\t\t\t\t<td>TOTAL: 100%<\/td>\r\n\t\t\t<\/tr>\r\n\t\t<\/tbody>\r\n\t<\/table>\t\t\t\t<\/div>\n\t\t\t\t<\/div>\n\t\t\t\t<div class=\"elementor-element elementor-element-bbc3681 elementor-widget elementor-widget-text-editor\" data-id=\"bbc3681\" data-element_type=\"widget\" data-widget_type=\"text-editor.default\">\n\t\t\t\t<div class=\"elementor-widget-container\">\n\t\t\t\t\t\t\t\t\t<p><strong>Ser\u00e1 necesario seguir las siguientes pautas:<\/strong><\/p><ul><li><strong>Los estudiantes deben firmar 2 veces cada d\u00eda. <\/strong>Deben firmar a su llegada (con firma y hora) a la hora de comienzo del curso, y deben firmar de nuevo (firma y hora) despu\u00e9s de la pausa.<\/li><li><strong>Se exige puntualidad:<\/strong> tienen 15 minutos desde la hora de comienzo de la clase y despu\u00e9s de la pausa para poder firmar. Transcurridos 15 minutos (para la primera parte de la clase) o 5 minutos (para la segunda parte de la clase) no ser\u00e1 posible firmar y contar\u00e1 como falta de asistencia (Retraso).<\/li><li><strong>Los d\u00edas festivos del centro en los que no hay clase, se contar\u00e1 como asistencia.<\/strong><\/li><li><strong>Las faltas de asistencia podr\u00e1n ser las siguientes:<\/strong><ul><li><strong>F: falta de asistencia.<\/strong> <u>Se descontar\u00e1 un 10%<\/u> al 100% por cada bloque al que el estudiante no haya asistido a clase.<\/li><li><strong>R: retraso.<\/strong> <u>Se descontar\u00e1 un 5%<\/u> al 100% por cada bloque al que el estudiante haya llegado transcurridos 15 minutos de la hora de comienzo (o 5 minutos para la segunda parte de la clase). Se descontar\u00e1 un 10% si el estudiante se incorpora transcurridos 45 minutos de la hora de comienzo.<\/li><li><strong>J: falta justificada.<\/strong> Los estudiantes deber\u00e1n aportar un justificante si su falta de asistencia se debe a alguna cita burocr\u00e1tica o problema de salud. En caso de que la falta sea justificada, no se descontar\u00e1 nada, se tomar\u00e1 como asistencia.<\/li><\/ul><\/li><\/ul><p><strong>FALTAS JUSTIFICADAS<\/strong><\/p><p>Podr\u00e1n considerarse como faltas justificadas aquellas que se respalden con un documento veraz (en el que el nombre del estudiante, fecha y hora, aparezcan de forma clara). Estos documentos pueden ser:<\/p><ul><li>Citas con la oficina de Extranjer\u00eda \/ Polic\u00eda<\/li><li>Citas para homologaci\u00f3n de t\u00edtulos<\/li><li>Citas m\u00e9dicas<\/li><\/ul><p>Las citas deben coincidir con la hora de la clase para que puedan consideradas ser motivo de falta.<\/p>\t\t\t\t\t\t\t\t<\/div>\n\t\t\t\t<\/div>\n\t\t\t\t\t<\/div>\n\t\t<\/div>\n\t\t\t\t\t<\/div>\n\t\t<\/section>\n\t\t\t\t<section class=\"elementor-section elementor-top-section elementor-element elementor-element-950e2f2 elementor-section-boxed elementor-section-height-default elementor-section-height-default parallax_section_no qode_elementor_container_no\" data-id=\"950e2f2\" data-element_type=\"section\" id=\"CANCELLATION\">\n\t\t\t\t\t\t<div class=\"elementor-container elementor-column-gap-default\">\n\t\t\t\t\t<div class=\"elementor-column elementor-col-100 elementor-top-column elementor-element elementor-element-687bd48\" data-id=\"687bd48\" data-element_type=\"column\">\n\t\t\t<div class=\"elementor-widget-wrap elementor-element-populated\">\n\t\t\t\t\t\t<div class=\"elementor-element elementor-element-390d158 elementor-widget elementor-widget-heading\" data-id=\"390d158\" data-element_type=\"widget\" data-widget_type=\"heading.default\">\n\t\t\t\t<div class=\"elementor-widget-container\">\n\t\t\t\t\t<h3 class=\"elementor-heading-title elementor-size-default\">CONDICIONES DE CANCELACI\u00d3N O MODIFICACI\u00d3N<\/h3>\t\t\t\t<\/div>\n\t\t\t\t<\/div>\n\t\t\t\t<div class=\"elementor-element elementor-element-c92bc53 elementor-widget elementor-widget-text-editor\" data-id=\"c92bc53\" data-element_type=\"widget\" data-widget_type=\"text-editor.default\">\n\t\t\t\t<div class=\"elementor-widget-container\">\n\t\t\t\t\t\t\t\t\t<p><strong>El curso solo podr\u00e1 cancelarse en caso de que el visado del solicitante no haya sido concedido. En este caso, el estudiante podr\u00e1 solicitar la devoluci\u00f3n presentando a la escuela el documento de denegaci\u00f3n de visado que le proporcione la oficina consular. Sin este documento, ninguna devoluci\u00f3n ser\u00e1 posible.<\/strong><\/p><p><strong>Ninguna otra causa que no sea un documento procedente de la oficina consular que dictamine que el estudiante no puede realizar su curso por motivos legales ser\u00e1 tomada en consideraci\u00f3n.<\/strong><\/p><p>En el caso de que no le concedan el visado al estudiante, las condiciones de anulaci\u00f3n de\u00a0iNMSOL\u00a0son:<\/p><ol><li>Los estudiantes que hayan obtenido cualquier documento (carta de invitaci\u00f3n para consulado, confirmaci\u00f3n de pago total, etc.) de Instituto Mediterr\u00e1neo Sol para solicitar su visado s\u00f3lo podr\u00e1n solicitar la devoluci\u00f3n en caso de que su visado haya sido denegado,\u00a0siempre y cuando no hayan comenzado el curso.<\/li><li>Instituto\u00a0Mediterr\u00e1neo Sol\u00a0reembolsar\u00e1 todo el dinero abonado,\u00a0a excepci\u00f3n de 200\u20ac de gastos de gesti\u00f3n, una vez que se haya comprobado la veracidad de la documentaci\u00f3n acreditativa de denegaci\u00f3n de visado,\u00a0s\u00f3lo si el estudiante no ha comenzado el curso.<\/li><li>En caso de que un curso haya empezado, y la escuela no haya recibido ninguna notificaci\u00f3n, el curso se dar\u00e1 por comenzado y no ser\u00e1 posible ninguna devoluci\u00f3n. Si el estudiante aporta un documento de denegaci\u00f3n de visado <u>despu\u00e9s<\/u> del comienzo del curso, no se devolver\u00e1 el primer mes de clase, como m\u00ednimo, o el per\u00edodo del mismo transcurrido (ni los 200\u20ac de gastos de gesti\u00f3n). El estudiante deber\u00e1 comunicar la no llegada a tiempo con, al menos, 10 d\u00edas de antelaci\u00f3n. Entre 10 y 3 d\u00edas antes no se garantiza que se empiece el d\u00eda de inicio estipulado en la reserva. Menos de 2 d\u00edas (si le han dado el visado la incorporaci\u00f3n se har\u00e1 una semana despu\u00e9s, sin recuperaci\u00f3n de clases). Si no le han dado el visado se aplicar\u00e1n las normas anteriores.<\/li><\/ol>\t\t\t\t\t\t\t\t<\/div>\n\t\t\t\t<\/div>\n\t\t\t\t<section class=\"elementor-section elementor-inner-section elementor-element elementor-element-c231ca6 elementor-section-boxed elementor-section-height-default elementor-section-height-default parallax_section_no qode_elementor_container_no\" data-id=\"c231ca6\" data-element_type=\"section\">\n\t\t\t\t\t\t<div class=\"elementor-container elementor-column-gap-default\">\n\t\t\t\t\t<div class=\"elementor-column elementor-col-50 elementor-inner-column elementor-element elementor-element-c478479\" data-id=\"c478479\" data-element_type=\"column\">\n\t\t\t<div class=\"elementor-widget-wrap elementor-element-populated\">\n\t\t\t\t\t\t<div class=\"elementor-element elementor-element-2b0a525 elementor-widget elementor-widget-heading\" data-id=\"2b0a525\" data-element_type=\"widget\" data-widget_type=\"heading.default\">\n\t\t\t\t<div class=\"elementor-widget-container\">\n\t\t\t\t\t<h4 class=\"elementor-heading-title elementor-size-default\">CAMBIO DE CURSO DURANTE LA ESTANCIA<\/h4>\t\t\t\t<\/div>\n\t\t\t\t<\/div>\n\t\t\t\t<div class=\"elementor-element elementor-element-e625241 elementor-widget elementor-widget-text-editor\" data-id=\"e625241\" data-element_type=\"widget\" data-widget_type=\"text-editor.default\">\n\t\t\t\t<div class=\"elementor-widget-container\">\n\t\t\t\t\t\t\t\t\t<p>Si el estudiante se inscribe y comienza un curso de Selectividad EBAU, y durante su desarrollo decide cambiar a curso intensivo, no ser\u00e1 posible el reembolso de la diferencia de precio.<\/p><p>Siempre se podr\u00e1n a\u00f1adir clases extra (individuales), abonando el coste correspondiente, pero no se podr\u00e1 solicitar la reducci\u00f3n de las clases ya contratadas.<\/p>\t\t\t\t\t\t\t\t<\/div>\n\t\t\t\t<\/div>\n\t\t\t\t\t<\/div>\n\t\t<\/div>\n\t\t\t\t<div class=\"elementor-column elementor-col-50 elementor-inner-column elementor-element elementor-element-5245573\" data-id=\"5245573\" data-element_type=\"column\">\n\t\t\t<div class=\"elementor-widget-wrap elementor-element-populated\">\n\t\t\t\t\t\t<div class=\"elementor-element elementor-element-82f9806 elementor-widget elementor-widget-heading\" data-id=\"82f9806\" data-element_type=\"widget\" data-widget_type=\"heading.default\">\n\t\t\t\t<div class=\"elementor-widget-container\">\n\t\t\t\t\t<h4 class=\"elementor-heading-title elementor-size-default\">ESTUDIANTES QUE SE INSCRIBAN EN UN CURSO ESTANDO YA EN ESPA\u00d1A<\/h4>\t\t\t\t<\/div>\n\t\t\t\t<\/div>\n\t\t\t\t<div class=\"elementor-element elementor-element-beb1ead elementor-widget elementor-widget-text-editor\" data-id=\"beb1ead\" data-element_type=\"widget\" data-widget_type=\"text-editor.default\">\n\t\t\t\t<div class=\"elementor-widget-container\">\n\t\t\t\t\t\t\t\t\t<p>El estudiante debe asegurarse de que cumple todas las condiciones legales para el periodo de curso al que se inscribe. En estos casos no habr\u00e1 derecho a devoluci\u00f3n una vez se inicie el curso.<\/p>\t\t\t\t\t\t\t\t<\/div>\n\t\t\t\t<\/div>\n\t\t\t\t\t<\/div>\n\t\t<\/div>\n\t\t\t\t\t<\/div>\n\t\t<\/section>\n\t\t\t\t<div class=\"elementor-element elementor-element-d145dbd elementor-widget elementor-widget-heading\" data-id=\"d145dbd\" data-element_type=\"widget\" data-widget_type=\"heading.default\">\n\t\t\t\t<div class=\"elementor-widget-container\">\n\t\t\t\t\t<h4 class=\"elementor-heading-title elementor-size-default\">CONDICIONES SEG\u00daN EL N\u00daMERO DE PARTICIPANTES EN LOS CURSOS<\/h4>\t\t\t\t<\/div>\n\t\t\t\t<\/div>\n\t\t\t\t<div class=\"elementor-element elementor-element-f4dcb53 elementor-widget elementor-widget-text-editor\" data-id=\"f4dcb53\" data-element_type=\"widget\" data-widget_type=\"text-editor.default\">\n\t\t\t\t<div class=\"elementor-widget-container\">\n\t\t\t\t\t\t\t\t\t<p>El n\u00famero m\u00e1ximo de estudiantes por clase del mismo nivel y mismas caracter\u00edsticas de curso es 10, y el m\u00ednimo 3. Si no se alcanza este m\u00ednimo, se aplicar\u00e1n las siguientes condiciones:<\/p><p><strong>1<\/strong><strong> estudiante<\/strong> <strong>o 2 <\/strong><strong>estudiantes<\/strong>: los participantes recibir\u00e1n el <strong>50% de las clases contratadas<\/strong>, de forma individual (1 profesor\/1 estudiante),\u00a0 o semi privada (1 profesor\/2 estudiantes), atendiendo a su nivel y necesidades. En ning\u00fan caso deber\u00e1n abonar la diferencia de precio.<\/p><p><strong>3 estudiantes o m\u00e1s: <\/strong>los participantes <strong>recibir\u00e1n el 100% de las clases contratadas<\/strong>, en grupo.<\/p><p><strong><u>Excepciones a las condiciones generales:<\/u><\/strong><\/p><p>A los siguientes cursos se aplicar\u00e1n unas condiciones diferentes:<\/p><ul><li><strong><em>Cursos de preparaci\u00f3n al DELE (de 2 y 4 clases al d\u00eda).<\/em><\/strong><\/li><li><strong><em>Cursos por tem\u00e1ticas y para fines espec\u00edficos: literatura espa\u00f1ola y latinoamericana; historia espa\u00f1ola y latinoamericana; cultura espa\u00f1ola y latinoamericana; espa\u00f1ol de los negocios; espa\u00f1ol de la salud y espa\u00f1ol del turismo.<\/em><\/strong><\/li><li><strong><em>Cursos de formaci\u00f3n para profesores de ELE (nativos y no nativos).<\/em><\/strong><\/li><li><strong><em>Curso Seniors 50+.<\/em><\/strong><\/li><\/ul><p>Puedes consultar aqu\u00ed (insertar hiperv\u00ednculo con el documento completo) el documento con las condiciones completas.<\/p>\t\t\t\t\t\t\t\t<\/div>\n\t\t\t\t<\/div>\n\t\t\t\t\t<\/div>\n\t\t<\/div>\n\t\t\t\t\t<\/div>\n\t\t<\/section>\n\t\t\t\t<section class=\"elementor-section elementor-top-section elementor-element elementor-element-e42d9f3 elementor-section-stretched elementor-section-boxed elementor-section-height-default elementor-section-height-default parallax_section_no qode_elementor_container_no\" data-id=\"e42d9f3\" data-element_type=\"section\" id=\"CONTINUATION\" data-settings=\"{&quot;stretch_section&quot;:&quot;section-stretched&quot;,&quot;background_background&quot;:&quot;classic&quot;}\">\n\t\t\t\t\t\t<div class=\"elementor-container elementor-column-gap-default\">\n\t\t\t\t\t<div class=\"elementor-column elementor-col-100 elementor-top-column elementor-element elementor-element-ec65f70\" data-id=\"ec65f70\" data-element_type=\"column\">\n\t\t\t<div class=\"elementor-widget-wrap elementor-element-populated\">\n\t\t\t\t\t\t<div class=\"elementor-element elementor-element-8950130 elementor-widget elementor-widget-heading\" data-id=\"8950130\" data-element_type=\"widget\" data-widget_type=\"heading.default\">\n\t\t\t\t<div class=\"elementor-widget-container\">\n\t\t\t\t\t<h3 class=\"elementor-heading-title elementor-size-default\">CONTINUACI\u00d3N DE ESTUDIOS<\/h3>\t\t\t\t<\/div>\n\t\t\t\t<\/div>\n\t\t\t\t<div class=\"elementor-element elementor-element-7f03aa3 elementor-widget elementor-widget-text-editor\" data-id=\"7f03aa3\" data-element_type=\"widget\" data-widget_type=\"text-editor.default\">\n\t\t\t\t<div class=\"elementor-widget-container\">\n\t\t\t\t\t\t\t\t\t<p>Los estudiantes que quieran continuar sus estudios en Granada y necesiten renovar su visado de estudios deben tener presente la siguiente informaci\u00f3n:<\/p><ol><li>Van a necesitar un certificado de la escuela (Instituto Mediterr\u00e1neo Sol), una evaluaci\u00f3n de su curso y un informe de asistencia. <strong>Para poder expedir todos esos documentos se requiere una asistencia m\u00ednima del 85% a las clases.<\/strong><\/li><li>Tambi\u00e9n van a pedirles un certificado oficial del Instituto Cervantes: DELE o SIELE.<\/li><li>Ser\u00e1 necesario que acrediten una continuidad en sus estudios, comparando el programa del curso que han realizado y el programa del curso que quieren realizar despu\u00e9s.<\/li><li>Los estudiantes que quieran seguir sus estudios en un Grado Superior o Grado Medio (FP) necesitar\u00e1n presentar la matr\u00edcula en el centro de estudios de FP (Formaci\u00f3n Profesional).<\/li><li>Los estudiantes que se matriculen en un curso de preparaci\u00f3n de Selectividad EBAU y quieran renovar sus visados, deber\u00e1n aprobar el examen EBAU y presentar una matr\u00edcula en la Universidad.<\/li><\/ol><p><strong><em>* El problema que se presenta para nuestra escuela y todas, es que esta es la \u00abnorma\u00bb, pero no es seguro que se aplique por igual a todos los estudiantes. Depender\u00e1 mucho de cada oficina de extranjer\u00eda, y es algo incierto.*<\/em><\/strong><\/p><p>S\u00ed hemos comprobado que en la oficina de Extranjer\u00eda de Granada conocen muy bien nuestra escuela, y saben que seguimos estrictamente todas las normas de documentaci\u00f3n y asistencia, y eso lo tienen muy en cuenta para facilitar los tr\u00e1mites de nuestros estudiantes.<\/p>\t\t\t\t\t\t\t\t<\/div>\n\t\t\t\t<\/div>\n\t\t\t\t\t<\/div>\n\t\t<\/div>\n\t\t\t\t\t<\/div>\n\t\t<\/section>\n\t\t\t\t<\/div>\n\t\t","protected":false},"excerpt":{"rendered":"<p>\u00bfNECESITO SOLICITAR VISADO? TIPOS PASOS A SEGUIR DOCUMENTOS RESOLUCI\u00d3N OBLIGACIONES CONDICIONES DE CANCELACI\u00d3N O MODIFICACI\u00d3N CONTINUACI\u00d3N DE ESTUDIOS \u00bfNECESITO SOLICITAR VISADO? TIPOS PASOS A SEGUIR DOCUMENTOS RESOLUCI\u00d3N OBLIGACIONES CONDICIONES DE CANCELACI\u00d3N O MODIFICACI\u00d3N CONTINUACI\u00d3N DE ESTUDIOS \u00bfNECESITO SOLICITAR VISADO? Para estancias de menos de 90&#8230;<\/p>\n","protected":false},"author":66,"featured_media":0,"parent":0,"menu_order":0,"comment_status":"closed","ping_status":"closed","template":"","meta":{"_acf_changed":false,"footnotes":""},"class_list":["post-81236","page","type-page","status-publish","hentry"],"acf":[],"yoast_head":"<!-- This site is optimized with the Yoast SEO plugin v27.5 - https:\/\/yoast.com\/product\/yoast-seo-wordpress\/ -->\n<title>VISADOS &#8226; iNMSOL<\/title>\n<meta name=\"robots\" content=\"index, follow, max-snippet:-1, max-image-preview:large, max-video-preview:-1\" \/>\n<link rel=\"canonical\" href=\"https:\/\/www.inmsol.com\/es\/visados\/\" \/>\n<meta property=\"og:locale\" content=\"es_ES\" \/>\n<meta property=\"og:type\" content=\"article\" \/>\n<meta property=\"og:title\" content=\"VISADOS &#8226; iNMSOL\" \/>\n<meta property=\"og:description\" content=\"\u00bfNECESITO SOLICITAR VISADO? TIPOS PASOS A SEGUIR DOCUMENTOS RESOLUCI\u00d3N OBLIGACIONES CONDICIONES DE CANCELACI\u00d3N O MODIFICACI\u00d3N CONTINUACI\u00d3N DE ESTUDIOS \u00bfNECESITO SOLICITAR VISADO? TIPOS PASOS A SEGUIR DOCUMENTOS RESOLUCI\u00d3N OBLIGACIONES CONDICIONES DE CANCELACI\u00d3N O MODIFICACI\u00d3N CONTINUACI\u00d3N DE ESTUDIOS \u00bfNECESITO SOLICITAR VISADO? Para estancias de menos de 90...\" \/>\n<meta property=\"og:url\" content=\"https:\/\/www.inmsol.com\/es\/visados\/\" \/>\n<meta property=\"og:site_name\" content=\"iNMSOL\" \/>\n<meta property=\"article:publisher\" content=\"https:\/\/www.facebook.com\/spanishcourses\" \/>\n<meta property=\"article:modified_time\" content=\"2025-08-07T15:45:08+00:00\" \/>\n<meta property=\"og:image\" content=\"https:\/\/www.inmsol.com\/wp-content\/uploads\/2019\/08\/logo-inmsol.png\" \/>\n\t<meta property=\"og:image:width\" content=\"320\" \/>\n\t<meta property=\"og:image:height\" content=\"154\" \/>\n\t<meta property=\"og:image:type\" content=\"image\/png\" \/>\n<meta name=\"twitter:label1\" content=\"Tiempo de lectura\" \/>\n\t<meta name=\"twitter:data1\" content=\"19 minutos\" \/>\n<script type=\"application\/ld+json\" class=\"yoast-schema-graph\">{\"@context\":\"https:\\\/\\\/schema.org\",\"@graph\":[{\"@type\":\"WebPage\",\"@id\":\"https:\\\/\\\/www.inmsol.com\\\/es\\\/visados\\\/\",\"url\":\"https:\\\/\\\/www.inmsol.com\\\/es\\\/visados\\\/\",\"name\":\"VISADOS &#8226; iNMSOL\",\"isPartOf\":{\"@id\":\"https:\\\/\\\/www.inmsol.com\\\/es\\\/#website\"},\"datePublished\":\"2024-02-23T11:39:38+00:00\",\"dateModified\":\"2025-08-07T15:45:08+00:00\",\"breadcrumb\":{\"@id\":\"https:\\\/\\\/www.inmsol.com\\\/es\\\/visados\\\/#breadcrumb\"},\"inLanguage\":\"es\",\"potentialAction\":[{\"@type\":\"ReadAction\",\"target\":[\"https:\\\/\\\/www.inmsol.com\\\/es\\\/visados\\\/\"]}]},{\"@type\":\"BreadcrumbList\",\"@id\":\"https:\\\/\\\/www.inmsol.com\\\/es\\\/visados\\\/#breadcrumb\",\"itemListElement\":[{\"@type\":\"ListItem\",\"position\":1,\"name\":\"Accredited Center by Instituto Cervantes\",\"item\":\"https:\\\/\\\/www.inmsol.com\\\/es\\\/pagina-ejemplo\\\/\"},{\"@type\":\"ListItem\",\"position\":2,\"name\":\"VISADOS\"}]},{\"@type\":\"WebSite\",\"@id\":\"https:\\\/\\\/www.inmsol.com\\\/es\\\/#website\",\"url\":\"https:\\\/\\\/www.inmsol.com\\\/es\\\/\",\"name\":\"iNMSOL\",\"description\":\"Aprenda Espa\u00f1ol con iNMSOL en Granada | Centro Acreditado por el Instituto Cervantes\",\"publisher\":{\"@id\":\"https:\\\/\\\/www.inmsol.com\\\/es\\\/#organization\"},\"potentialAction\":[{\"@type\":\"SearchAction\",\"target\":{\"@type\":\"EntryPoint\",\"urlTemplate\":\"https:\\\/\\\/www.inmsol.com\\\/es\\\/?s={search_term_string}\"},\"query-input\":{\"@type\":\"PropertyValueSpecification\",\"valueRequired\":true,\"valueName\":\"search_term_string\"}}],\"inLanguage\":\"es\"},{\"@type\":\"Organization\",\"@id\":\"https:\\\/\\\/www.inmsol.com\\\/es\\\/#organization\",\"name\":\"Instituto Mediterr\u00e1neo Sol\",\"url\":\"https:\\\/\\\/www.inmsol.com\\\/es\\\/\",\"logo\":{\"@type\":\"ImageObject\",\"inLanguage\":\"es\",\"@id\":\"https:\\\/\\\/www.inmsol.com\\\/es\\\/#\\\/schema\\\/logo\\\/image\\\/\",\"url\":\"https:\\\/\\\/www.inmsol.com\\\/wp-content\\\/uploads\\\/2023\\\/06\\\/logo-inmsol-1.png\",\"contentUrl\":\"https:\\\/\\\/www.inmsol.com\\\/wp-content\\\/uploads\\\/2023\\\/06\\\/logo-inmsol-1.png\",\"width\":136,\"height\":73,\"caption\":\"Instituto Mediterr\u00e1neo Sol\"},\"image\":{\"@id\":\"https:\\\/\\\/www.inmsol.com\\\/es\\\/#\\\/schema\\\/logo\\\/image\\\/\"},\"sameAs\":[\"https:\\\/\\\/www.facebook.com\\\/spanishcourses\",\"https:\\\/\\\/x.com\\\/StudyInGranada\",\"http:\\\/\\\/instagram.com\\\/imsolgranada\",\"https:\\\/\\\/es.linkedin.com\\\/company\\\/imsol-granada\",\"https:\\\/\\\/www.pinterest.es\\\/inmsol\\\/\",\"https:\\\/\\\/www.youtube.com\\\/channel\\\/UChz-Qn_7coFMosY85iYMO4g\"]}]}<\/script>\n<!-- \/ Yoast SEO plugin. -->","yoast_head_json":{"title":"VISADOS &#8226; iNMSOL","robots":{"index":"index","follow":"follow","max-snippet":"max-snippet:-1","max-image-preview":"max-image-preview:large","max-video-preview":"max-video-preview:-1"},"canonical":"https:\/\/www.inmsol.com\/es\/visados\/","og_locale":"es_ES","og_type":"article","og_title":"VISADOS &#8226; iNMSOL","og_description":"\u00bfNECESITO SOLICITAR VISADO? TIPOS PASOS A SEGUIR DOCUMENTOS RESOLUCI\u00d3N OBLIGACIONES CONDICIONES DE CANCELACI\u00d3N O MODIFICACI\u00d3N CONTINUACI\u00d3N DE ESTUDIOS \u00bfNECESITO SOLICITAR VISADO? TIPOS PASOS A SEGUIR DOCUMENTOS RESOLUCI\u00d3N OBLIGACIONES CONDICIONES DE CANCELACI\u00d3N O MODIFICACI\u00d3N CONTINUACI\u00d3N DE ESTUDIOS \u00bfNECESITO SOLICITAR VISADO? Para estancias de menos de 90...","og_url":"https:\/\/www.inmsol.com\/es\/visados\/","og_site_name":"iNMSOL","article_publisher":"https:\/\/www.facebook.com\/spanishcourses","article_modified_time":"2025-08-07T15:45:08+00:00","og_image":[{"width":320,"height":154,"url":"https:\/\/www.inmsol.com\/wp-content\/uploads\/2019\/08\/logo-inmsol.png","type":"image\/png"}],"twitter_misc":{"Tiempo de lectura":"19 minutos"},"schema":{"@context":"https:\/\/schema.org","@graph":[{"@type":"WebPage","@id":"https:\/\/www.inmsol.com\/es\/visados\/","url":"https:\/\/www.inmsol.com\/es\/visados\/","name":"VISADOS &#8226; iNMSOL","isPartOf":{"@id":"https:\/\/www.inmsol.com\/es\/#website"},"datePublished":"2024-02-23T11:39:38+00:00","dateModified":"2025-08-07T15:45:08+00:00","breadcrumb":{"@id":"https:\/\/www.inmsol.com\/es\/visados\/#breadcrumb"},"inLanguage":"es","potentialAction":[{"@type":"ReadAction","target":["https:\/\/www.inmsol.com\/es\/visados\/"]}]},{"@type":"BreadcrumbList","@id":"https:\/\/www.inmsol.com\/es\/visados\/#breadcrumb","itemListElement":[{"@type":"ListItem","position":1,"name":"Accredited Center by Instituto Cervantes","item":"https:\/\/www.inmsol.com\/es\/pagina-ejemplo\/"},{"@type":"ListItem","position":2,"name":"VISADOS"}]},{"@type":"WebSite","@id":"https:\/\/www.inmsol.com\/es\/#website","url":"https:\/\/www.inmsol.com\/es\/","name":"iNMSOL","description":"Aprenda Espa\u00f1ol con iNMSOL en Granada | Centro Acreditado por el Instituto Cervantes","publisher":{"@id":"https:\/\/www.inmsol.com\/es\/#organization"},"potentialAction":[{"@type":"SearchAction","target":{"@type":"EntryPoint","urlTemplate":"https:\/\/www.inmsol.com\/es\/?s={search_term_string}"},"query-input":{"@type":"PropertyValueSpecification","valueRequired":true,"valueName":"search_term_string"}}],"inLanguage":"es"},{"@type":"Organization","@id":"https:\/\/www.inmsol.com\/es\/#organization","name":"Instituto Mediterr\u00e1neo Sol","url":"https:\/\/www.inmsol.com\/es\/","logo":{"@type":"ImageObject","inLanguage":"es","@id":"https:\/\/www.inmsol.com\/es\/#\/schema\/logo\/image\/","url":"https:\/\/www.inmsol.com\/wp-content\/uploads\/2023\/06\/logo-inmsol-1.png","contentUrl":"https:\/\/www.inmsol.com\/wp-content\/uploads\/2023\/06\/logo-inmsol-1.png","width":136,"height":73,"caption":"Instituto Mediterr\u00e1neo Sol"},"image":{"@id":"https:\/\/www.inmsol.com\/es\/#\/schema\/logo\/image\/"},"sameAs":["https:\/\/www.facebook.com\/spanishcourses","https:\/\/x.com\/StudyInGranada","http:\/\/instagram.com\/imsolgranada","https:\/\/es.linkedin.com\/company\/imsol-granada","https:\/\/www.pinterest.es\/inmsol\/","https:\/\/www.youtube.com\/channel\/UChz-Qn_7coFMosY85iYMO4g"]}]}},"_links":{"self":[{"href":"https:\/\/www.inmsol.com\/es\/wp-json\/wp\/v2\/pages\/81236","targetHints":{"allow":["GET"]}}],"collection":[{"href":"https:\/\/www.inmsol.com\/es\/wp-json\/wp\/v2\/pages"}],"about":[{"href":"https:\/\/www.inmsol.com\/es\/wp-json\/wp\/v2\/types\/page"}],"author":[{"embeddable":true,"href":"https:\/\/www.inmsol.com\/es\/wp-json\/wp\/v2\/users\/66"}],"replies":[{"embeddable":true,"href":"https:\/\/www.inmsol.com\/es\/wp-json\/wp\/v2\/comments?post=81236"}],"version-history":[{"count":3,"href":"https:\/\/www.inmsol.com\/es\/wp-json\/wp\/v2\/pages\/81236\/revisions"}],"predecessor-version":[{"id":87372,"href":"https:\/\/www.inmsol.com\/es\/wp-json\/wp\/v2\/pages\/81236\/revisions\/87372"}],"wp:attachment":[{"href":"https:\/\/www.inmsol.com\/es\/wp-json\/wp\/v2\/media?parent=81236"}],"curies":[{"name":"wp","href":"https:\/\/api.w.org\/{rel}","templated":true}]}}