{"id":68068,"date":"2023-01-17T12:03:26","date_gmt":"2023-01-17T11:03:26","guid":{"rendered":"https:\/\/www.inmsol.com\/?post_type=product&#038;p=68068"},"modified":"2026-03-23T17:40:10","modified_gmt":"2026-03-23T16:40:10","slug":"formacion-profesores-ele-nativos","status":"publish","type":"product","link":"https:\/\/www.inmsol.com\/es\/producto\/formacion-profesores-ele-nativos\/","title":{"rendered":"Formaci\u00f3n para profesores ELE (NATIVOS)"},"content":{"rendered":"<p>F\u00f3rmate en la ense\u00f1anza de espa\u00f1ol para extranjeros con nuestro<a href=\"https:\/\/ele.inmsol.com\/cursos-espanol\/profesores-nativos\/a-quien-dirigido\/\" target=\"_blank\" rel=\"noopener\"> curso de formaci\u00f3n para profesores de ELE nativos. <\/a>Se realiza durante 6 o 4 semanas (120 clases en ambos casos) en unas <strong>fechas determinadas<\/strong>, tiene una orientaci\u00f3n eminentemente pr\u00e1ctica y consta de 2 m\u00f3dulos divididos en una parte te\u00f3rico\/pr\u00e1ctica y otra parte de pr\u00e1ctica de aula tutorizada.\u00a0Este curso consta de 4 clases al d\u00eda, organizadas de la siguiente forma:<\/p>\n<h4>1. M\u00f3dulo te\u00f3rico\/pr\u00e1ctico:<\/h4>\n<p>2 semanas, 40 sesiones.<\/p>\n<h4>2. M\u00f3dulo pr\u00e1ctico:<\/h4>\n<p>4 semanas, 80 sesiones.<\/p>\n<p><a href=\"https:\/\/www.inmsol.com\/wp-content\/uploads\/2023\/01\/ELE-nativos.jpg\" target=\"_blank\" rel=\"noopener\"><img fetchpriority=\"high\" decoding=\"async\" class=\"aligncenter wp-image-68142 size-full\" title=\"Formaci\u00f3n profesores ELE nativos Granada\" src=\"https:\/\/www.inmsol.com\/wp-content\/uploads\/2023\/01\/ELE-nativos.jpg\" alt=\"Formaci\u00f3n profesores ELE nativos\" width=\"1010\" height=\"500\" srcset=\"https:\/\/www.inmsol.com\/wp-content\/uploads\/2023\/01\/ELE-nativos.jpg 1010w, https:\/\/www.inmsol.com\/wp-content\/uploads\/2023\/01\/ELE-nativos-800x396.jpg 800w, https:\/\/www.inmsol.com\/wp-content\/uploads\/2023\/01\/ELE-nativos-64x32.jpg 64w, https:\/\/www.inmsol.com\/wp-content\/uploads\/2023\/01\/ELE-nativos-460x228.jpg 460w, https:\/\/www.inmsol.com\/wp-content\/uploads\/2023\/01\/ELE-nativos-768x380.jpg 768w, https:\/\/www.inmsol.com\/wp-content\/uploads\/2023\/01\/ELE-nativos-250x124.jpg 250w, https:\/\/www.inmsol.com\/wp-content\/uploads\/2023\/01\/ELE-nativos-600x297.jpg 600w\" sizes=\"(max-width: 1010px) 100vw, 1010px\" \/><\/a><\/p>\n<p>Objetivos generales del curso:<\/p>\n<ul>\n<li>Familiarizarse con aspectos conceptuales y metodol\u00f3gicos b\u00e1sicos para la ense\u00f1anza del espa\u00f1ol.\u00a0 Se abarca desde el Nivel A1 (<em>Plataforma<\/em>) hasta el Nivel C2\u00a0(<em>Maestr\u00eda<\/em>).<\/li>\n<li>Analizar los papeles de profesores y alumnos en el proceso de ense\u00f1anza\/aprendizaje.<\/li>\n<li>Identificar los objetivos generales y los contenidos de aprendizaje.<\/li>\n<li>Dotarse de t\u00e9cnicas docentes y recursos did\u00e1cticos b\u00e1sicos para planificar una sesi\u00f3n de clase y llevarla a acabo con eficacia.<\/li>\n<li>Observar la actuaci\u00f3n docente, experimentarla y reflexionar sobre las competencias de un profesor de espa\u00f1ol y sobre las maneras de desarrollarlas.<\/li>\n<\/ul>\n<p>La matr\u00edcula incluye\u00a0clases de lunes a viernes, <em>actividades semanales<\/em> y <em>certificado de asistencia<\/em> al final del curso. Cada clase tiene una duraci\u00f3n de 45 minutos. La opci\u00f3n de curso superintensivo tendr\u00e1 los mismos contenidos pero menor duraci\u00f3n (4 semanas en lugar de 6).<\/p>\n<p>&nbsp;<\/p>\n<style>\n.btn-descarga {\n    display: inline-block !important;\n    background-color: #ad0228 !important;\n    color: white !important;\n    padding: 8px 16px !important;\n    font-size: 14px !important;\n    font-weight: bold !important;\n    text-decoration: none !important;\n    border-radius: 5px !important;\n    transition: background-color 0.3s ease !important;\n    cursor: pointer !important;\n    border: none !important;\n}<\/p>\n<p>.btn-descarga:hover {\n    background-color: #8b0120 !important;\n    color: white !important;\n    text-decoration: none !important;\n}\n<\/style>\n<p><a href=\"https:\/\/www.inmsol.com\/wp-content\/uploads\/2026\/03\/Objetivos_contenidos_cursos-especificos_2026_iNMSOL.pdf\" target=\"_blank\" class=\"btn-descarga\"><br \/>\n    \ud83d\udcc4 Contenidos del Curso<br \/>\n<\/a>&nbsp;<\/p>\n<p>&nbsp;<\/p>\n<blockquote>\n<h3>Condiciones que se aplican seg\u00fan el n\u00famero de participantes en este curso:<\/h3>\n<p><strong>1 <\/strong><strong>estudiante o 2 estudiantes<\/strong>: <strong>los cursos de 6 semanas de duraci\u00f3n se reducir\u00e1n a 4 semanas<\/strong>. Los cursos superintensivos de verano (6 clases al d\u00eda) pasar\u00e1n a ser intensivos (4 clases al d\u00eda)<\/p>\n<p><strong>3 estudiantes o m\u00e1s: <\/strong>los participantes <strong>recibir\u00e1n el 100% de las clases contratadas<\/strong>, en grupo, y no se aplicar\u00e1 reducci\u00f3n de semanas.<\/p>\n<p>&nbsp;<\/p><\/blockquote>\n<p>&nbsp;<\/p>\n<p>\u00a1Consulta nuestros <a href=\"https:\/\/www.inmsol.com\/es\/informacion-y-condiciones-generales\/\" target=\"_blank\" rel=\"noopener\">t\u00e9rminos y condiciones<\/a>!<\/p>\n","protected":false},"excerpt":{"rendered":"<p>Curso de formaci\u00f3n para profesores de ELE nativos, de 4 clases\/d\u00eda.<\/p>\n","protected":false},"featured_media":68149,"template":"","meta":{"_acf_changed":false},"product_brand":[],"product_cat":[768,769,754],"product_tag":[],"class_list":{"0":"post-68068","1":"product","2":"type-product","3":"status-publish","4":"has-post-thumbnail","6":"product_cat-c1","7":"product_cat-c2","8":"product_cat-formacion-ele","10":"first","11":"instock","12":"sold-individually","13":"purchasable","14":"product-type-variable"},"acf":[],"yoast_head":"<!-- This site is optimized with the Yoast SEO plugin v27.5 - https:\/\/yoast.com\/product\/yoast-seo-wordpress\/ -->\n<title>Formaci\u00f3n para profesores ELE (NATIVOS) | iNMSOL<\/title>\n<meta name=\"description\" content=\"Curso de formaci\u00f3n general en did\u00e1ctica de ELE que atiende a las necesidades formativas de profesores y personas interesadas en iniciarse en la ense\u00f1anza.\" \/>\n<meta name=\"robots\" content=\"index, follow, max-snippet:-1, max-image-preview:large, max-video-preview:-1\" \/>\n<link rel=\"canonical\" href=\"https:\/\/www.inmsol.com\/es\/producto\/formacion-profesores-ele-nativos\/\" \/>\n<meta property=\"og:locale\" content=\"es_ES\" \/>\n<meta property=\"og:type\" content=\"article\" \/>\n<meta property=\"og:title\" content=\"Formaci\u00f3n para profesores de ELE nativos\" \/>\n<meta property=\"og:description\" content=\"Curso de formaci\u00f3n general en did\u00e1ctica de ELE que atiende a las necesidades formativas de profesores y personas interesadas en iniciarse en la ense\u00f1anza.\" \/>\n<meta property=\"og:url\" content=\"https:\/\/www.inmsol.com\/es\/producto\/formacion-profesores-ele-nativos\/\" \/>\n<meta property=\"og:site_name\" content=\"iNMSOL\" \/>\n<meta property=\"article:publisher\" content=\"https:\/\/www.facebook.com\/spanishcourses\" \/>\n<meta property=\"article:modified_time\" content=\"2026-03-23T16:40:10+00:00\" \/>\n<meta property=\"og:image\" content=\"https:\/\/www.inmsol.com\/wp-content\/uploads\/2023\/01\/ELE-nativos.jpg\" \/>\n\t<meta property=\"og:image:width\" content=\"1010\" \/>\n\t<meta property=\"og:image:height\" content=\"500\" \/>\n\t<meta property=\"og:image:type\" content=\"image\/jpeg\" \/>\n<meta name=\"twitter:label1\" content=\"Tiempo de lectura\" \/>\n\t<meta name=\"twitter:data1\" content=\"2 minutos\" \/>\n<script type=\"application\/ld+json\" class=\"yoast-schema-graph\">{\"@context\":\"https:\\\/\\\/schema.org\",\"@graph\":[{\"@type\":\"WebPage\",\"@id\":\"https:\\\/\\\/www.inmsol.com\\\/es\\\/producto\\\/formacion-profesores-ele-nativos\\\/\",\"url\":\"https:\\\/\\\/www.inmsol.com\\\/es\\\/producto\\\/formacion-profesores-ele-nativos\\\/\",\"name\":\"Formaci\u00f3n para profesores ELE (NATIVOS) | iNMSOL\",\"isPartOf\":{\"@id\":\"https:\\\/\\\/www.inmsol.com\\\/es\\\/#website\"},\"primaryImageOfPage\":{\"@id\":\"https:\\\/\\\/www.inmsol.com\\\/es\\\/producto\\\/formacion-profesores-ele-nativos\\\/#primaryimage\"},\"image\":{\"@id\":\"https:\\\/\\\/www.inmsol.com\\\/es\\\/producto\\\/formacion-profesores-ele-nativos\\\/#primaryimage\"},\"thumbnailUrl\":\"https:\\\/\\\/www.inmsol.com\\\/wp-content\\\/uploads\\\/2023\\\/01\\\/ELE-nativos-1.jpg\",\"datePublished\":\"2023-01-17T11:03:26+00:00\",\"dateModified\":\"2026-03-23T16:40:10+00:00\",\"description\":\"Curso de formaci\u00f3n general en did\u00e1ctica de ELE que atiende a las necesidades formativas de profesores y personas interesadas en iniciarse en la ense\u00f1anza.\",\"breadcrumb\":{\"@id\":\"https:\\\/\\\/www.inmsol.com\\\/es\\\/producto\\\/formacion-profesores-ele-nativos\\\/#breadcrumb\"},\"inLanguage\":\"es\",\"potentialAction\":[{\"@type\":\"ReadAction\",\"target\":[\"https:\\\/\\\/www.inmsol.com\\\/es\\\/producto\\\/formacion-profesores-ele-nativos\\\/\"]}]},{\"@type\":\"ImageObject\",\"inLanguage\":\"es\",\"@id\":\"https:\\\/\\\/www.inmsol.com\\\/es\\\/producto\\\/formacion-profesores-ele-nativos\\\/#primaryimage\",\"url\":\"https:\\\/\\\/www.inmsol.com\\\/wp-content\\\/uploads\\\/2023\\\/01\\\/ELE-nativos-1.jpg\",\"contentUrl\":\"https:\\\/\\\/www.inmsol.com\\\/wp-content\\\/uploads\\\/2023\\\/01\\\/ELE-nativos-1.jpg\",\"width\":1000,\"height\":1000},{\"@type\":\"BreadcrumbList\",\"@id\":\"https:\\\/\\\/www.inmsol.com\\\/es\\\/producto\\\/formacion-profesores-ele-nativos\\\/#breadcrumb\",\"itemListElement\":[{\"@type\":\"ListItem\",\"position\":1,\"name\":\"Accredited Center by Instituto Cervantes\",\"item\":\"https:\\\/\\\/www.inmsol.com\\\/es\\\/pagina-ejemplo\\\/\"},{\"@type\":\"ListItem\",\"position\":2,\"name\":\"Cursos\",\"item\":\"https:\\\/\\\/www.inmsol.com\\\/es\\\/cursos\\\/\"},{\"@type\":\"ListItem\",\"position\":3,\"name\":\"Formaci\u00f3n para profesores ELE (NATIVOS)\"}]},{\"@type\":\"WebSite\",\"@id\":\"https:\\\/\\\/www.inmsol.com\\\/es\\\/#website\",\"url\":\"https:\\\/\\\/www.inmsol.com\\\/es\\\/\",\"name\":\"iNMSOL\",\"description\":\"Aprenda Espa\u00f1ol con iNMSOL en Granada | Centro Acreditado por el Instituto Cervantes\",\"publisher\":{\"@id\":\"https:\\\/\\\/www.inmsol.com\\\/es\\\/#organization\"},\"potentialAction\":[{\"@type\":\"SearchAction\",\"target\":{\"@type\":\"EntryPoint\",\"urlTemplate\":\"https:\\\/\\\/www.inmsol.com\\\/es\\\/?s={search_term_string}\"},\"query-input\":{\"@type\":\"PropertyValueSpecification\",\"valueRequired\":true,\"valueName\":\"search_term_string\"}}],\"inLanguage\":\"es\"},{\"@type\":\"Organization\",\"@id\":\"https:\\\/\\\/www.inmsol.com\\\/es\\\/#organization\",\"name\":\"Instituto Mediterr\u00e1neo Sol\",\"url\":\"https:\\\/\\\/www.inmsol.com\\\/es\\\/\",\"logo\":{\"@type\":\"ImageObject\",\"inLanguage\":\"es\",\"@id\":\"https:\\\/\\\/www.inmsol.com\\\/es\\\/#\\\/schema\\\/logo\\\/image\\\/\",\"url\":\"https:\\\/\\\/www.inmsol.com\\\/wp-content\\\/uploads\\\/2023\\\/06\\\/logo-inmsol-1.png\",\"contentUrl\":\"https:\\\/\\\/www.inmsol.com\\\/wp-content\\\/uploads\\\/2023\\\/06\\\/logo-inmsol-1.png\",\"width\":136,\"height\":73,\"caption\":\"Instituto Mediterr\u00e1neo Sol\"},\"image\":{\"@id\":\"https:\\\/\\\/www.inmsol.com\\\/es\\\/#\\\/schema\\\/logo\\\/image\\\/\"},\"sameAs\":[\"https:\\\/\\\/www.facebook.com\\\/spanishcourses\",\"https:\\\/\\\/x.com\\\/StudyInGranada\",\"http:\\\/\\\/instagram.com\\\/imsolgranada\",\"https:\\\/\\\/es.linkedin.com\\\/company\\\/imsol-granada\",\"https:\\\/\\\/www.pinterest.es\\\/inmsol\\\/\",\"https:\\\/\\\/www.youtube.com\\\/channel\\\/UChz-Qn_7coFMosY85iYMO4g\"]}]}<\/script>\n<!-- \/ Yoast SEO plugin. -->","yoast_head_json":{"title":"Formaci\u00f3n para profesores ELE (NATIVOS) | iNMSOL","description":"Curso de formaci\u00f3n general en did\u00e1ctica de ELE que atiende a las necesidades formativas de profesores y personas interesadas en iniciarse en la ense\u00f1anza.","robots":{"index":"index","follow":"follow","max-snippet":"max-snippet:-1","max-image-preview":"max-image-preview:large","max-video-preview":"max-video-preview:-1"},"canonical":"https:\/\/www.inmsol.com\/es\/producto\/formacion-profesores-ele-nativos\/","og_locale":"es_ES","og_type":"article","og_title":"Formaci\u00f3n para profesores de ELE nativos","og_description":"Curso de formaci\u00f3n general en did\u00e1ctica de ELE que atiende a las necesidades formativas de profesores y personas interesadas en iniciarse en la ense\u00f1anza.","og_url":"https:\/\/www.inmsol.com\/es\/producto\/formacion-profesores-ele-nativos\/","og_site_name":"iNMSOL","article_publisher":"https:\/\/www.facebook.com\/spanishcourses","article_modified_time":"2026-03-23T16:40:10+00:00","og_image":[{"width":1010,"height":500,"url":"https:\/\/www.inmsol.com\/wp-content\/uploads\/2023\/01\/ELE-nativos.jpg","type":"image\/jpeg"}],"twitter_misc":{"Tiempo de lectura":"2 minutos"},"schema":{"@context":"https:\/\/schema.org","@graph":[{"@type":"WebPage","@id":"https:\/\/www.inmsol.com\/es\/producto\/formacion-profesores-ele-nativos\/","url":"https:\/\/www.inmsol.com\/es\/producto\/formacion-profesores-ele-nativos\/","name":"Formaci\u00f3n para profesores ELE (NATIVOS) | iNMSOL","isPartOf":{"@id":"https:\/\/www.inmsol.com\/es\/#website"},"primaryImageOfPage":{"@id":"https:\/\/www.inmsol.com\/es\/producto\/formacion-profesores-ele-nativos\/#primaryimage"},"image":{"@id":"https:\/\/www.inmsol.com\/es\/producto\/formacion-profesores-ele-nativos\/#primaryimage"},"thumbnailUrl":"https:\/\/www.inmsol.com\/wp-content\/uploads\/2023\/01\/ELE-nativos-1.jpg","datePublished":"2023-01-17T11:03:26+00:00","dateModified":"2026-03-23T16:40:10+00:00","description":"Curso de formaci\u00f3n general en did\u00e1ctica de ELE que atiende a las necesidades formativas de profesores y personas interesadas en iniciarse en la ense\u00f1anza.","breadcrumb":{"@id":"https:\/\/www.inmsol.com\/es\/producto\/formacion-profesores-ele-nativos\/#breadcrumb"},"inLanguage":"es","potentialAction":[{"@type":"ReadAction","target":["https:\/\/www.inmsol.com\/es\/producto\/formacion-profesores-ele-nativos\/"]}]},{"@type":"ImageObject","inLanguage":"es","@id":"https:\/\/www.inmsol.com\/es\/producto\/formacion-profesores-ele-nativos\/#primaryimage","url":"https:\/\/www.inmsol.com\/wp-content\/uploads\/2023\/01\/ELE-nativos-1.jpg","contentUrl":"https:\/\/www.inmsol.com\/wp-content\/uploads\/2023\/01\/ELE-nativos-1.jpg","width":1000,"height":1000},{"@type":"BreadcrumbList","@id":"https:\/\/www.inmsol.com\/es\/producto\/formacion-profesores-ele-nativos\/#breadcrumb","itemListElement":[{"@type":"ListItem","position":1,"name":"Accredited Center by Instituto Cervantes","item":"https:\/\/www.inmsol.com\/es\/pagina-ejemplo\/"},{"@type":"ListItem","position":2,"name":"Cursos","item":"https:\/\/www.inmsol.com\/es\/cursos\/"},{"@type":"ListItem","position":3,"name":"Formaci\u00f3n para profesores ELE (NATIVOS)"}]},{"@type":"WebSite","@id":"https:\/\/www.inmsol.com\/es\/#website","url":"https:\/\/www.inmsol.com\/es\/","name":"iNMSOL","description":"Aprenda Espa\u00f1ol con iNMSOL en Granada | Centro Acreditado por el Instituto Cervantes","publisher":{"@id":"https:\/\/www.inmsol.com\/es\/#organization"},"potentialAction":[{"@type":"SearchAction","target":{"@type":"EntryPoint","urlTemplate":"https:\/\/www.inmsol.com\/es\/?s={search_term_string}"},"query-input":{"@type":"PropertyValueSpecification","valueRequired":true,"valueName":"search_term_string"}}],"inLanguage":"es"},{"@type":"Organization","@id":"https:\/\/www.inmsol.com\/es\/#organization","name":"Instituto Mediterr\u00e1neo Sol","url":"https:\/\/www.inmsol.com\/es\/","logo":{"@type":"ImageObject","inLanguage":"es","@id":"https:\/\/www.inmsol.com\/es\/#\/schema\/logo\/image\/","url":"https:\/\/www.inmsol.com\/wp-content\/uploads\/2023\/06\/logo-inmsol-1.png","contentUrl":"https:\/\/www.inmsol.com\/wp-content\/uploads\/2023\/06\/logo-inmsol-1.png","width":136,"height":73,"caption":"Instituto Mediterr\u00e1neo Sol"},"image":{"@id":"https:\/\/www.inmsol.com\/es\/#\/schema\/logo\/image\/"},"sameAs":["https:\/\/www.facebook.com\/spanishcourses","https:\/\/x.com\/StudyInGranada","http:\/\/instagram.com\/imsolgranada","https:\/\/es.linkedin.com\/company\/imsol-granada","https:\/\/www.pinterest.es\/inmsol\/","https:\/\/www.youtube.com\/channel\/UChz-Qn_7coFMosY85iYMO4g"]}]}},"_links":{"self":[{"href":"https:\/\/www.inmsol.com\/es\/wp-json\/wp\/v2\/product\/68068","targetHints":{"allow":["GET"]}}],"collection":[{"href":"https:\/\/www.inmsol.com\/es\/wp-json\/wp\/v2\/product"}],"about":[{"href":"https:\/\/www.inmsol.com\/es\/wp-json\/wp\/v2\/types\/product"}],"wp:featuredmedia":[{"embeddable":true,"href":"https:\/\/www.inmsol.com\/es\/wp-json\/wp\/v2\/media\/68149"}],"wp:attachment":[{"href":"https:\/\/www.inmsol.com\/es\/wp-json\/wp\/v2\/media?parent=68068"}],"wp:term":[{"taxonomy":"product_brand","embeddable":true,"href":"https:\/\/www.inmsol.com\/es\/wp-json\/wp\/v2\/product_brand?post=68068"},{"taxonomy":"product_cat","embeddable":true,"href":"https:\/\/www.inmsol.com\/es\/wp-json\/wp\/v2\/product_cat?post=68068"},{"taxonomy":"product_tag","embeddable":true,"href":"https:\/\/www.inmsol.com\/es\/wp-json\/wp\/v2\/product_tag?post=68068"}],"curies":[{"name":"wp","href":"https:\/\/api.w.org\/{rel}","templated":true}]}}