{"id":68162,"date":"2023-01-17T12:42:38","date_gmt":"2023-01-17T11:42:38","guid":{"rendered":"https:\/\/www.inmsol.com\/?post_type=product&#038;p=68162"},"modified":"2026-03-23T17:35:20","modified_gmt":"2026-03-23T16:35:20","slug":"formacion-ele-no-nativos-45","status":"publish","type":"product","link":"https:\/\/www.inmsol.com\/es\/producto\/formacion-ele-no-nativos-45\/","title":{"rendered":"Formaci\u00f3n ELE (NO NATIVOS) 45"},"content":{"rendered":"<p>F\u00f3rmate en la ense\u00f1anza de espa\u00f1ol para extranjeros con nuestro <a href=\"https:\/\/ele.inmsol.com\/cursos-espanol\/profesores-no-nativos\/\" target=\"_blank\" rel=\"noopener\">curso de formaci\u00f3n para profesores de ELE no nativos<\/a>. Se realiza durante 2 semanas y para realizarlo es necesario un <b>nivel m\u00ednimo de B1<\/b>.\u00a0Este curso consta de 4 clases al d\u00eda, organizadas de la siguiente forma:<\/p>\n<ul>\n<li>4 clases de gram\u00e1tica, did\u00e1ctica y cultura (seg\u00fan la opci\u00f3n elegida). Clases de 45 minutos.<\/li>\n<\/ul>\n<p><img fetchpriority=\"high\" decoding=\"async\" class=\"aligncenter wp-image-68142 size-full\" title=\"Formaci\u00f3n profesores ELE nativos Granada\" src=\"https:\/\/www.inmsol.com\/wp-content\/uploads\/2023\/01\/ELE-nativos.jpg\" alt=\"Formaci\u00f3n profesores ELE nativos\" width=\"1010\" height=\"500\" srcset=\"https:\/\/www.inmsol.com\/wp-content\/uploads\/2023\/01\/ELE-nativos.jpg 1010w, https:\/\/www.inmsol.com\/wp-content\/uploads\/2023\/01\/ELE-nativos-800x396.jpg 800w, https:\/\/www.inmsol.com\/wp-content\/uploads\/2023\/01\/ELE-nativos-64x32.jpg 64w, https:\/\/www.inmsol.com\/wp-content\/uploads\/2023\/01\/ELE-nativos-460x228.jpg 460w, https:\/\/www.inmsol.com\/wp-content\/uploads\/2023\/01\/ELE-nativos-768x380.jpg 768w, https:\/\/www.inmsol.com\/wp-content\/uploads\/2023\/01\/ELE-nativos-250x124.jpg 250w, https:\/\/www.inmsol.com\/wp-content\/uploads\/2023\/01\/ELE-nativos-600x297.jpg 600w\" sizes=\"(max-width: 1010px) 100vw, 1010px\" \/><\/p>\n<p>Puedes elegir 3 opciones seg\u00fan tus necesidades:<\/p>\n<ul>\n<li><strong>OPCI\u00d3N A.<\/strong> Dirigido a\u00a0profesores\u00a0de educaci\u00f3n primaria o secundaria con un\u00a0nivel de usuario independiente (B1-Umbral) que desean mejorar sus\u00a0competencias gramaticales y culturales para la ense\u00f1anza del espa\u00f1ol.<\/li>\n<li><strong>OPCI\u00d3N B.<\/strong> Dirigido a\u00a0profesores\u00a0de espa\u00f1ol con un nivel de usuario\u00a0independiente (B1-Umbral y B2-Avanzado) que quieren mejorar su competencia\u00a0gramatical, docente y cultural para la ense\u00f1anza del espa\u00f1ol.\u00a0 Adem\u00e1s, a\u00a0aquellos que quieren iniciarse en los conocimientos, habilidades, t\u00e9cnicas e\u00a0instrumentos para comenzar profesionalmente en la ense\u00f1anza del espa\u00f1ol.<\/li>\n<li><strong>OPCI\u00d3N C.<\/strong> Dirigido a profesores con un nivel de usuario independiente (C1-Dominio) que desean conocer o mejorar aspectos de did\u00e1ctica aplicada y ampliar conocimientos sobre cultura y tradiciones de Espa\u00f1a.<\/li>\n<\/ul>\n<p>La matr\u00edcula incluye el <em>test de nivel online<\/em>, las clases de lunes a viernes, <em>actividades semanales<\/em> y <em>certificado de asistencia<\/em> al final del curso. Cada clase tiene una duraci\u00f3n de 45 minutos. La opci\u00f3n de curso superintensivo tendr\u00e1 los mismos contenidos pero menor duraci\u00f3n (4 semanas en lugar de 6).<\/p>\n<p>&nbsp;<\/p>\n<style>\n.btn-descarga {\n    display: inline-block !important;\n    background-color: #ad0228 !important;\n    color: white !important;\n    padding: 8px 16px !important;\n    font-size: 14px !important;\n    font-weight: bold !important;\n    text-decoration: none !important;\n    border-radius: 5px !important;\n    transition: background-color 0.3s ease !important;\n    cursor: pointer !important;\n    border: none !important;\n}<\/p>\n<p>.btn-descarga:hover {\n    background-color: #8b0120 !important;\n    color: white !important;\n    text-decoration: none !important;\n}\n<\/style>\n<p><a href=\"https:\/\/www.inmsol.com\/wp-content\/uploads\/2026\/03\/Objetivos_contenidos_cursos-especificos_2026_iNMSOL.pdf\" target=\"_blank\" class=\"btn-descarga\"><br \/>\n    \ud83d\udcc4 Contenidos del Curso<br \/>\n<\/a>&nbsp;<\/p>\n<p>&nbsp;<\/p>\n<blockquote>\n<h3>Condiciones que se aplican seg\u00fan el n\u00famero de participantes en este curso:<\/h3>\n<p><strong>1 <\/strong><strong>o 2 <\/strong><strong>estudiantes<\/strong>: los participantes <strong>recibir\u00e1n el 50% de las clases contratadas<\/strong>, de forma individual (1 profesor\/1 estudiante), \u00a0o semi privada (1 profesor\/2 estudiantes), atendiendo a sus niveles y necesidades. En ning\u00fan caso deber\u00e1n abonar la diferencia de precio.<\/p>\n<p><em>Si el centro est\u00e1 llevando a cabo un curso de gram\u00e1tica o conversaci\u00f3n (2 clases\/d\u00eda) en el que el estudiante pueda participar, se le invitar\u00e1 a que se integre por el n\u00famero de clases que se hayan reducido de su curso, de forma adicional a las clases individuales o semi privadas.<\/em><\/p>\n<p><strong>3 estudiantes o m\u00e1s: <\/strong>los participantes <strong>recibir\u00e1n el 100% de las clases contratadas<\/strong>, en grupo.<\/p>\n<p>&nbsp;<\/p><\/blockquote>\n<p>&nbsp;<\/p>\n<p>\u00a1Consulta nuestros <a href=\"https:\/\/www.inmsol.com\/es\/informacion-y-condiciones-generales\/\" target=\"_blank\" rel=\"noopener\">t\u00e9rminos y condiciones<\/a>!<\/p>\n","protected":false},"excerpt":{"rendered":"<p>Curso de formaci\u00f3n para profesores de ELE no nativos, de 4 clases\/d\u00eda. Clases de 45 minutos.<\/p>\n","protected":false},"featured_media":68182,"template":"","meta":{"_acf_changed":false},"product_brand":[],"product_cat":[766,767,768,769,754],"product_tag":[],"class_list":{"0":"post-68162","1":"product","2":"type-product","3":"status-publish","4":"has-post-thumbnail","6":"product_cat-b1","7":"product_cat-b2","8":"product_cat-c1","9":"product_cat-c2","10":"product_cat-formacion-ele","12":"first","13":"instock","14":"sold-individually","15":"purchasable","16":"product-type-variable"},"acf":[],"yoast_head":"<!-- This site is optimized with the Yoast SEO plugin v27.5 - https:\/\/yoast.com\/product\/yoast-seo-wordpress\/ -->\n<title>Formaci\u00f3n ELE (NO NATIVOS) 45 | iNMSOL<\/title>\n<meta name=\"description\" content=\"Curso de formaci\u00f3n general en did\u00e1ctica de ELE que atiende a las necesidades formativas de profesores no nativos de espa\u00f1ol.\" \/>\n<meta name=\"robots\" content=\"index, follow, max-snippet:-1, max-image-preview:large, max-video-preview:-1\" \/>\n<link rel=\"canonical\" href=\"https:\/\/www.inmsol.com\/es\/producto\/formacion-ele-no-nativos-45\/\" \/>\n<meta property=\"og:locale\" content=\"es_ES\" \/>\n<meta property=\"og:type\" content=\"article\" \/>\n<meta property=\"og:title\" content=\"Formaci\u00f3n para profesores de ELE no nativos\" \/>\n<meta property=\"og:description\" content=\"Curso de formaci\u00f3n general en did\u00e1ctica de ELE que atiende a las necesidades formativas de profesores no nativos de espa\u00f1ol.\" \/>\n<meta property=\"og:url\" content=\"https:\/\/www.inmsol.com\/es\/producto\/formacion-ele-no-nativos-45\/\" \/>\n<meta property=\"og:site_name\" content=\"iNMSOL\" \/>\n<meta property=\"article:publisher\" content=\"https:\/\/www.facebook.com\/spanishcourses\" \/>\n<meta property=\"article:modified_time\" content=\"2026-03-23T16:35:20+00:00\" \/>\n<meta property=\"og:image\" content=\"https:\/\/www.inmsol.com\/wp-content\/uploads\/2023\/01\/ELE-nativos.jpg\" \/>\n\t<meta property=\"og:image:width\" content=\"1010\" \/>\n\t<meta property=\"og:image:height\" content=\"500\" \/>\n\t<meta property=\"og:image:type\" content=\"image\/jpeg\" \/>\n<meta name=\"twitter:label1\" content=\"Tiempo de lectura\" \/>\n\t<meta name=\"twitter:data1\" content=\"2 minutos\" \/>\n<script type=\"application\/ld+json\" class=\"yoast-schema-graph\">{\"@context\":\"https:\\\/\\\/schema.org\",\"@graph\":[{\"@type\":\"WebPage\",\"@id\":\"https:\\\/\\\/www.inmsol.com\\\/es\\\/producto\\\/formacion-ele-no-nativos-45\\\/\",\"url\":\"https:\\\/\\\/www.inmsol.com\\\/es\\\/producto\\\/formacion-ele-no-nativos-45\\\/\",\"name\":\"Formaci\u00f3n ELE (NO NATIVOS) 45 | iNMSOL\",\"isPartOf\":{\"@id\":\"https:\\\/\\\/www.inmsol.com\\\/es\\\/#website\"},\"primaryImageOfPage\":{\"@id\":\"https:\\\/\\\/www.inmsol.com\\\/es\\\/producto\\\/formacion-ele-no-nativos-45\\\/#primaryimage\"},\"image\":{\"@id\":\"https:\\\/\\\/www.inmsol.com\\\/es\\\/producto\\\/formacion-ele-no-nativos-45\\\/#primaryimage\"},\"thumbnailUrl\":\"https:\\\/\\\/www.inmsol.com\\\/wp-content\\\/uploads\\\/2023\\\/01\\\/ELE-no-nativos-45.jpg\",\"datePublished\":\"2023-01-17T11:42:38+00:00\",\"dateModified\":\"2026-03-23T16:35:20+00:00\",\"description\":\"Curso de formaci\u00f3n general en did\u00e1ctica de ELE que atiende a las necesidades formativas de profesores no nativos de espa\u00f1ol.\",\"breadcrumb\":{\"@id\":\"https:\\\/\\\/www.inmsol.com\\\/es\\\/producto\\\/formacion-ele-no-nativos-45\\\/#breadcrumb\"},\"inLanguage\":\"es\",\"potentialAction\":[{\"@type\":\"ReadAction\",\"target\":[\"https:\\\/\\\/www.inmsol.com\\\/es\\\/producto\\\/formacion-ele-no-nativos-45\\\/\"]}]},{\"@type\":\"ImageObject\",\"inLanguage\":\"es\",\"@id\":\"https:\\\/\\\/www.inmsol.com\\\/es\\\/producto\\\/formacion-ele-no-nativos-45\\\/#primaryimage\",\"url\":\"https:\\\/\\\/www.inmsol.com\\\/wp-content\\\/uploads\\\/2023\\\/01\\\/ELE-no-nativos-45.jpg\",\"contentUrl\":\"https:\\\/\\\/www.inmsol.com\\\/wp-content\\\/uploads\\\/2023\\\/01\\\/ELE-no-nativos-45.jpg\",\"width\":1000,\"height\":1000},{\"@type\":\"BreadcrumbList\",\"@id\":\"https:\\\/\\\/www.inmsol.com\\\/es\\\/producto\\\/formacion-ele-no-nativos-45\\\/#breadcrumb\",\"itemListElement\":[{\"@type\":\"ListItem\",\"position\":1,\"name\":\"Accredited Center by Instituto Cervantes\",\"item\":\"https:\\\/\\\/www.inmsol.com\\\/es\\\/pagina-ejemplo\\\/\"},{\"@type\":\"ListItem\",\"position\":2,\"name\":\"Cursos\",\"item\":\"https:\\\/\\\/www.inmsol.com\\\/es\\\/cursos\\\/\"},{\"@type\":\"ListItem\",\"position\":3,\"name\":\"Formaci\u00f3n ELE (NO NATIVOS) 45\"}]},{\"@type\":\"WebSite\",\"@id\":\"https:\\\/\\\/www.inmsol.com\\\/es\\\/#website\",\"url\":\"https:\\\/\\\/www.inmsol.com\\\/es\\\/\",\"name\":\"iNMSOL\",\"description\":\"Aprenda Espa\u00f1ol con iNMSOL en Granada | Centro Acreditado por el Instituto Cervantes\",\"publisher\":{\"@id\":\"https:\\\/\\\/www.inmsol.com\\\/es\\\/#organization\"},\"potentialAction\":[{\"@type\":\"SearchAction\",\"target\":{\"@type\":\"EntryPoint\",\"urlTemplate\":\"https:\\\/\\\/www.inmsol.com\\\/es\\\/?s={search_term_string}\"},\"query-input\":{\"@type\":\"PropertyValueSpecification\",\"valueRequired\":true,\"valueName\":\"search_term_string\"}}],\"inLanguage\":\"es\"},{\"@type\":\"Organization\",\"@id\":\"https:\\\/\\\/www.inmsol.com\\\/es\\\/#organization\",\"name\":\"Instituto Mediterr\u00e1neo Sol\",\"url\":\"https:\\\/\\\/www.inmsol.com\\\/es\\\/\",\"logo\":{\"@type\":\"ImageObject\",\"inLanguage\":\"es\",\"@id\":\"https:\\\/\\\/www.inmsol.com\\\/es\\\/#\\\/schema\\\/logo\\\/image\\\/\",\"url\":\"https:\\\/\\\/www.inmsol.com\\\/wp-content\\\/uploads\\\/2023\\\/06\\\/logo-inmsol-1.png\",\"contentUrl\":\"https:\\\/\\\/www.inmsol.com\\\/wp-content\\\/uploads\\\/2023\\\/06\\\/logo-inmsol-1.png\",\"width\":136,\"height\":73,\"caption\":\"Instituto Mediterr\u00e1neo Sol\"},\"image\":{\"@id\":\"https:\\\/\\\/www.inmsol.com\\\/es\\\/#\\\/schema\\\/logo\\\/image\\\/\"},\"sameAs\":[\"https:\\\/\\\/www.facebook.com\\\/spanishcourses\",\"https:\\\/\\\/x.com\\\/StudyInGranada\",\"http:\\\/\\\/instagram.com\\\/imsolgranada\",\"https:\\\/\\\/es.linkedin.com\\\/company\\\/imsol-granada\",\"https:\\\/\\\/www.pinterest.es\\\/inmsol\\\/\",\"https:\\\/\\\/www.youtube.com\\\/channel\\\/UChz-Qn_7coFMosY85iYMO4g\"]}]}<\/script>\n<!-- \/ Yoast SEO plugin. -->","yoast_head_json":{"title":"Formaci\u00f3n ELE (NO NATIVOS) 45 | iNMSOL","description":"Curso de formaci\u00f3n general en did\u00e1ctica de ELE que atiende a las necesidades formativas de profesores no nativos de espa\u00f1ol.","robots":{"index":"index","follow":"follow","max-snippet":"max-snippet:-1","max-image-preview":"max-image-preview:large","max-video-preview":"max-video-preview:-1"},"canonical":"https:\/\/www.inmsol.com\/es\/producto\/formacion-ele-no-nativos-45\/","og_locale":"es_ES","og_type":"article","og_title":"Formaci\u00f3n para profesores de ELE no nativos","og_description":"Curso de formaci\u00f3n general en did\u00e1ctica de ELE que atiende a las necesidades formativas de profesores no nativos de espa\u00f1ol.","og_url":"https:\/\/www.inmsol.com\/es\/producto\/formacion-ele-no-nativos-45\/","og_site_name":"iNMSOL","article_publisher":"https:\/\/www.facebook.com\/spanishcourses","article_modified_time":"2026-03-23T16:35:20+00:00","og_image":[{"width":1010,"height":500,"url":"https:\/\/www.inmsol.com\/wp-content\/uploads\/2023\/01\/ELE-nativos.jpg","type":"image\/jpeg"}],"twitter_misc":{"Tiempo de lectura":"2 minutos"},"schema":{"@context":"https:\/\/schema.org","@graph":[{"@type":"WebPage","@id":"https:\/\/www.inmsol.com\/es\/producto\/formacion-ele-no-nativos-45\/","url":"https:\/\/www.inmsol.com\/es\/producto\/formacion-ele-no-nativos-45\/","name":"Formaci\u00f3n ELE (NO NATIVOS) 45 | iNMSOL","isPartOf":{"@id":"https:\/\/www.inmsol.com\/es\/#website"},"primaryImageOfPage":{"@id":"https:\/\/www.inmsol.com\/es\/producto\/formacion-ele-no-nativos-45\/#primaryimage"},"image":{"@id":"https:\/\/www.inmsol.com\/es\/producto\/formacion-ele-no-nativos-45\/#primaryimage"},"thumbnailUrl":"https:\/\/www.inmsol.com\/wp-content\/uploads\/2023\/01\/ELE-no-nativos-45.jpg","datePublished":"2023-01-17T11:42:38+00:00","dateModified":"2026-03-23T16:35:20+00:00","description":"Curso de formaci\u00f3n general en did\u00e1ctica de ELE que atiende a las necesidades formativas de profesores no nativos de espa\u00f1ol.","breadcrumb":{"@id":"https:\/\/www.inmsol.com\/es\/producto\/formacion-ele-no-nativos-45\/#breadcrumb"},"inLanguage":"es","potentialAction":[{"@type":"ReadAction","target":["https:\/\/www.inmsol.com\/es\/producto\/formacion-ele-no-nativos-45\/"]}]},{"@type":"ImageObject","inLanguage":"es","@id":"https:\/\/www.inmsol.com\/es\/producto\/formacion-ele-no-nativos-45\/#primaryimage","url":"https:\/\/www.inmsol.com\/wp-content\/uploads\/2023\/01\/ELE-no-nativos-45.jpg","contentUrl":"https:\/\/www.inmsol.com\/wp-content\/uploads\/2023\/01\/ELE-no-nativos-45.jpg","width":1000,"height":1000},{"@type":"BreadcrumbList","@id":"https:\/\/www.inmsol.com\/es\/producto\/formacion-ele-no-nativos-45\/#breadcrumb","itemListElement":[{"@type":"ListItem","position":1,"name":"Accredited Center by Instituto Cervantes","item":"https:\/\/www.inmsol.com\/es\/pagina-ejemplo\/"},{"@type":"ListItem","position":2,"name":"Cursos","item":"https:\/\/www.inmsol.com\/es\/cursos\/"},{"@type":"ListItem","position":3,"name":"Formaci\u00f3n ELE (NO NATIVOS) 45"}]},{"@type":"WebSite","@id":"https:\/\/www.inmsol.com\/es\/#website","url":"https:\/\/www.inmsol.com\/es\/","name":"iNMSOL","description":"Aprenda Espa\u00f1ol con iNMSOL en Granada | Centro Acreditado por el Instituto Cervantes","publisher":{"@id":"https:\/\/www.inmsol.com\/es\/#organization"},"potentialAction":[{"@type":"SearchAction","target":{"@type":"EntryPoint","urlTemplate":"https:\/\/www.inmsol.com\/es\/?s={search_term_string}"},"query-input":{"@type":"PropertyValueSpecification","valueRequired":true,"valueName":"search_term_string"}}],"inLanguage":"es"},{"@type":"Organization","@id":"https:\/\/www.inmsol.com\/es\/#organization","name":"Instituto Mediterr\u00e1neo Sol","url":"https:\/\/www.inmsol.com\/es\/","logo":{"@type":"ImageObject","inLanguage":"es","@id":"https:\/\/www.inmsol.com\/es\/#\/schema\/logo\/image\/","url":"https:\/\/www.inmsol.com\/wp-content\/uploads\/2023\/06\/logo-inmsol-1.png","contentUrl":"https:\/\/www.inmsol.com\/wp-content\/uploads\/2023\/06\/logo-inmsol-1.png","width":136,"height":73,"caption":"Instituto Mediterr\u00e1neo Sol"},"image":{"@id":"https:\/\/www.inmsol.com\/es\/#\/schema\/logo\/image\/"},"sameAs":["https:\/\/www.facebook.com\/spanishcourses","https:\/\/x.com\/StudyInGranada","http:\/\/instagram.com\/imsolgranada","https:\/\/es.linkedin.com\/company\/imsol-granada","https:\/\/www.pinterest.es\/inmsol\/","https:\/\/www.youtube.com\/channel\/UChz-Qn_7coFMosY85iYMO4g"]}]}},"_links":{"self":[{"href":"https:\/\/www.inmsol.com\/es\/wp-json\/wp\/v2\/product\/68162","targetHints":{"allow":["GET"]}}],"collection":[{"href":"https:\/\/www.inmsol.com\/es\/wp-json\/wp\/v2\/product"}],"about":[{"href":"https:\/\/www.inmsol.com\/es\/wp-json\/wp\/v2\/types\/product"}],"wp:featuredmedia":[{"embeddable":true,"href":"https:\/\/www.inmsol.com\/es\/wp-json\/wp\/v2\/media\/68182"}],"wp:attachment":[{"href":"https:\/\/www.inmsol.com\/es\/wp-json\/wp\/v2\/media?parent=68162"}],"wp:term":[{"taxonomy":"product_brand","embeddable":true,"href":"https:\/\/www.inmsol.com\/es\/wp-json\/wp\/v2\/product_brand?post=68162"},{"taxonomy":"product_cat","embeddable":true,"href":"https:\/\/www.inmsol.com\/es\/wp-json\/wp\/v2\/product_cat?post=68162"},{"taxonomy":"product_tag","embeddable":true,"href":"https:\/\/www.inmsol.com\/es\/wp-json\/wp\/v2\/product_tag?post=68162"}],"curies":[{"name":"wp","href":"https:\/\/api.w.org\/{rel}","templated":true}]}}